{"id":40176,"date":"2026-01-13T15:05:05","date_gmt":"2026-01-13T17:05:05","guid":{"rendered":"https:\/\/napa.gl\/?page_id=40176"},"modified":"2026-01-13T15:06:35","modified_gmt":"2026-01-13T17:06:35","slug":"videoguide-saadan-soeger-du-kulturstoetteprogrammet","status":"publish","type":"page","link":"https:\/\/napa.gl\/da\/stoette\/napas-kulturstoetteprogram\/videoguide-saadan-soeger-du-kulturstoetteprogrammet\/","title":{"rendered":"Videoguide: S\u00e5dan s\u00f8ger du Kulturst\u00f8tteprogrammet"},"content":{"rendered":"\t\t<div data-elementor-type=\"wp-page\" data-elementor-id=\"40176\" class=\"elementor elementor-40176\" data-elementor-post-type=\"page\">\n\t\t\t\t\t\t<section class=\"elementor-section elementor-top-section elementor-element elementor-element-15949433 elementor-reverse-mobile elementor-section-boxed elementor-section-height-default elementor-section-height-default parallax_section_no qode_elementor_container_no\" data-id=\"15949433\" data-element_type=\"section\" data-e-type=\"section\">\n\t\t\t\t\t\t<div class=\"elementor-container elementor-column-gap-default\">\n\t\t\t\t\t<div class=\"elementor-column elementor-col-100 elementor-top-column elementor-element elementor-element-6c14ead\" data-id=\"6c14ead\" data-element_type=\"column\" data-e-type=\"column\">\n\t\t\t<div class=\"elementor-widget-wrap elementor-element-populated\">\n\t\t\t\t\t\t<div class=\"elementor-element elementor-element-368efc1 elementor-widget elementor-widget-video\" data-id=\"368efc1\" data-element_type=\"widget\" data-e-type=\"widget\" data-settings=\"{&quot;video_type&quot;:&quot;vimeo&quot;}\" data-widget_type=\"video.default\">\n\t\t\t\t<div class=\"elementor-widget-container\">\n\t\t\t\t\t\t\t<div class=\"elementor-wrapper elementor-open-inline\">\n\t\t\t<iframe class=\"elementor-video-iframe\" allowfullscreen allow=\"clipboard-write\" title=\"vimeo videoafspiller\" src=\"https:\/\/player.vimeo.com\/video\/1140437732?color&amp;autopause=0&amp;loop=0&amp;muted=0&amp;title=1&amp;portrait=1&amp;byline=1#t=\"><\/iframe>\t\t<\/div>\n\t\t\t\t\t\t<\/div>\n\t\t\t\t<\/div>\n\t\t\t\t<div class=\"elementor-element elementor-element-2148fce elementor-widget-divider--view-line elementor-widget elementor-widget-divider\" data-id=\"2148fce\" data-element_type=\"widget\" data-e-type=\"widget\" data-widget_type=\"divider.default\">\n\t\t\t\t<div class=\"elementor-widget-container\">\n\t\t\t\t\t\t\t<div class=\"elementor-divider\">\n\t\t\t<span class=\"elementor-divider-separator\">\n\t\t\t\t\t\t<\/span>\n\t\t<\/div>\n\t\t\t\t\t\t<\/div>\n\t\t\t\t<\/div>\n\t\t\t\t\t<\/div>\n\t\t<\/div>\n\t\t\t\t\t<\/div>\n\t\t<\/section>\n\t\t\t\t<section class=\"elementor-section elementor-top-section elementor-element elementor-element-38446c74 elementor-reverse-mobile elementor-section-boxed elementor-section-height-default elementor-section-height-default parallax_section_no qode_elementor_container_no\" data-id=\"38446c74\" data-element_type=\"section\" data-e-type=\"section\">\n\t\t\t\t\t\t<div class=\"elementor-container elementor-column-gap-default\">\n\t\t\t\t\t<div class=\"elementor-column elementor-col-100 elementor-top-column elementor-element elementor-element-5024ab50\" data-id=\"5024ab50\" data-element_type=\"column\" data-e-type=\"column\">\n\t\t\t<div class=\"elementor-widget-wrap elementor-element-populated\">\n\t\t\t\t\t\t<div class=\"elementor-element elementor-element-41ff55ff elementor-widget elementor-widget-heading\" data-id=\"41ff55ff\" data-element_type=\"widget\" data-e-type=\"widget\" data-widget_type=\"heading.default\">\n\t\t\t\t<div class=\"elementor-widget-container\">\n\t\t\t\t\t<h2 class=\"elementor-heading-title elementor-size-default\">Videoguide: S\u00e5dan s\u00f8ger du Kulturst\u00f8tteprogrammet<\/h2>\t\t\t\t<\/div>\n\t\t\t\t<\/div>\n\t\t\t\t\t<\/div>\n\t\t<\/div>\n\t\t\t\t\t<\/div>\n\t\t<\/section>\n\t\t\t\t<section class=\"elementor-section elementor-top-section elementor-element elementor-element-170c1c15 elementor-section-boxed elementor-section-height-default elementor-section-height-default parallax_section_no qode_elementor_container_no\" data-id=\"170c1c15\" data-element_type=\"section\" data-e-type=\"section\">\n\t\t\t\t\t\t<div class=\"elementor-container elementor-column-gap-default\">\n\t\t\t\t\t<div class=\"elementor-column elementor-col-100 elementor-top-column elementor-element elementor-element-2109905a\" data-id=\"2109905a\" data-element_type=\"column\" data-e-type=\"column\">\n\t\t\t<div class=\"elementor-widget-wrap elementor-element-populated\">\n\t\t\t\t\t\t<div class=\"elementor-element elementor-element-2a138130 elementor-widget elementor-widget-text-editor\" data-id=\"2a138130\" data-element_type=\"widget\" data-e-type=\"widget\" data-widget_type=\"text-editor.default\">\n\t\t\t\t<div class=\"elementor-widget-container\">\n\t\t\t\t\t\t\t\t\t<p>NAPAs r\u00e5dgiver, Pipaluk Lykke, giver en guide til, hvordan du s\u00f8ger midler gennem Kulturst\u00f8tteprogrammet.<\/p><p>I videoen f\u00e5r du en trin-for-trin gennemgang af, hvor du finder ans\u00f8gningsskemaet, og hvad du skal udfylde.<\/p><p>Har du sp\u00f8rgsm\u00e5l til Kulturst\u00f8tteprogrammet eller til NAPAs st\u00f8tte og muligheder generelt, s\u00e5 kontakt os p\u00e5 <a href=\"mailto:napa@napa.gl\">napa@napa.gl<\/a><\/p>\t\t\t\t\t\t\t\t<\/div>\n\t\t\t\t<\/div>\n\t\t\t\t\t<\/div>\n\t\t<\/div>\n\t\t\t\t\t<\/div>\n\t\t<\/section>\n\t\t\t\t<section class=\"elementor-section elementor-top-section elementor-element elementor-element-17f6d93a elementor-section-boxed elementor-section-height-default elementor-section-height-default parallax_section_no qode_elementor_container_no\" data-id=\"17f6d93a\" data-element_type=\"section\" data-e-type=\"section\">\n\t\t\t\t\t\t<div class=\"elementor-container elementor-column-gap-default\">\n\t\t\t\t\t<div class=\"elementor-column elementor-col-100 elementor-top-column elementor-element elementor-element-50ec6a96\" data-id=\"50ec6a96\" data-element_type=\"column\" data-e-type=\"column\">\n\t\t\t<div class=\"elementor-widget-wrap elementor-element-populated\">\n\t\t\t\t\t\t<div class=\"elementor-element elementor-element-5e1cba5a elementor-widget elementor-widget-heading\" data-id=\"5e1cba5a\" data-element_type=\"widget\" data-e-type=\"widget\" data-widget_type=\"heading.default\">\n\t\t\t\t<div class=\"elementor-widget-container\">\n\t\t\t\t\t<h5 class=\"elementor-heading-title elementor-size-default\">Andre projekter<\/h5>\t\t\t\t<\/div>\n\t\t\t\t<\/div>\n\t\t\t\t<div class=\"elementor-element elementor-element-2786ffb2 elementor-grid-4 elementor-grid-tablet-2 elementor-grid-mobile-1 elementor-posts--thumbnail-top elementor-widget elementor-widget-posts\" data-id=\"2786ffb2\" data-element_type=\"widget\" data-e-type=\"widget\" data-settings=\"{&quot;classic_columns&quot;:&quot;4&quot;,&quot;classic_columns_tablet&quot;:&quot;2&quot;,&quot;classic_columns_mobile&quot;:&quot;1&quot;,&quot;classic_row_gap&quot;:{&quot;unit&quot;:&quot;px&quot;,&quot;size&quot;:35,&quot;sizes&quot;:[]},&quot;classic_row_gap_tablet&quot;:{&quot;unit&quot;:&quot;px&quot;,&quot;size&quot;:&quot;&quot;,&quot;sizes&quot;:[]},&quot;classic_row_gap_mobile&quot;:{&quot;unit&quot;:&quot;px&quot;,&quot;size&quot;:&quot;&quot;,&quot;sizes&quot;:[]}}\" data-widget_type=\"posts.classic\">\n\t\t\t\t<div class=\"elementor-widget-container\">\n\t\t\t\t\t\t\t<div class=\"elementor-posts-container elementor-posts elementor-posts--skin-classic elementor-grid\" role=\"list\">\n\t\t\t\t<article class=\"elementor-post elementor-grid-item post-40102 post type-post status-publish format-standard has-post-thumbnail hentry category-nyt\" role=\"listitem\">\n\t\t\t\t<a class=\"elementor-post__thumbnail__link\" href=\"https:\/\/napa.gl\/da\/qimusseq-af-glenn-gear-og-anemarie-ottosen\/\" tabindex=\"-1\">\n\t\t\t<div class=\"elementor-post__thumbnail\"><img loading=\"lazy\" decoding=\"async\" width=\"300\" height=\"135\" src=\"https:\/\/napa.gl\/wp-content\/uploads\/2025\/12\/qimussetpng-300x135.jpg\" class=\"attachment-medium size-medium wp-image-40103\" alt=\"\" srcset=\"https:\/\/napa.gl\/wp-content\/uploads\/2025\/12\/qimussetpng-300x135.jpg 300w, https:\/\/napa.gl\/wp-content\/uploads\/2025\/12\/qimussetpng-1024x460.jpg 1024w, https:\/\/napa.gl\/wp-content\/uploads\/2025\/12\/qimussetpng-768x345.jpg 768w, https:\/\/napa.gl\/wp-content\/uploads\/2025\/12\/qimussetpng-1536x691.jpg 1536w, https:\/\/napa.gl\/wp-content\/uploads\/2025\/12\/qimussetpng-700x315.jpg 700w, https:\/\/napa.gl\/wp-content\/uploads\/2025\/12\/qimussetpng.jpg 1904w\" sizes=\"auto, (max-width: 300px) 100vw, 300px\" \/><\/div>\n\t\t<\/a>\n\t\t\t\t<div class=\"elementor-post__text\">\n\t\t\t\t<h5 class=\"elementor-post__title\">\n\t\t\t<a href=\"https:\/\/napa.gl\/da\/qimusseq-af-glenn-gear-og-anemarie-ottosen\/\">\n\t\t\t\tQimusseq af Glenn Gear og AneMarie Ottosen\t\t\t<\/a>\n\t\t<\/h5>\n\t\t\t\t<div class=\"elementor-post__excerpt\">\n\t\t\t<p>NAPA \u00f8nsker alle en fredfyldt juletid ved at dele kunstv\u00e6rket Qimmusseq, som kan fungere som en mental pause for dem, der oplever det. Tak til Glenn Gear og AneMarie Ottosen for at lade os dele deres v\u00e6rk b\u00e5de under Suialaa Arts Festival i Nuuk og<\/p>\n\t\t<\/div>\n\t\t\n\t\t<a class=\"elementor-post__read-more\" href=\"https:\/\/napa.gl\/da\/qimusseq-af-glenn-gear-og-anemarie-ottosen\/\" aria-label=\"Read more about Qimusseq af Glenn Gear og AneMarie Ottosen\" tabindex=\"-1\">\n\t\t\tL\u00e6s mere \u00bb\t\t<\/a>\n\n\t\t\t\t<\/div>\n\t\t\t\t<\/article>\n\t\t\t\t<article class=\"elementor-post elementor-grid-item post-39544 post type-post status-publish format-standard has-post-thumbnail hentry category-nyt category-stoettede-projekter\" role=\"listitem\">\n\t\t\t\t<a class=\"elementor-post__thumbnail__link\" href=\"https:\/\/napa.gl\/da\/nuuk-international-film-festival-tak-for-denne-gang\/\" tabindex=\"-1\">\n\t\t\t<div class=\"elementor-post__thumbnail\"><img loading=\"lazy\" decoding=\"async\" width=\"300\" height=\"198\" src=\"https:\/\/napa.gl\/wp-content\/uploads\/2025\/09\/IMG_0051-300x198.jpg\" class=\"attachment-medium size-medium wp-image-39554\" alt=\"\" srcset=\"https:\/\/napa.gl\/wp-content\/uploads\/2025\/09\/IMG_0051-300x198.jpg 300w, https:\/\/napa.gl\/wp-content\/uploads\/2025\/09\/IMG_0051-1024x675.jpg 1024w, https:\/\/napa.gl\/wp-content\/uploads\/2025\/09\/IMG_0051-768x507.jpg 768w, https:\/\/napa.gl\/wp-content\/uploads\/2025\/09\/IMG_0051-1536x1013.jpg 1536w, https:\/\/napa.gl\/wp-content\/uploads\/2025\/09\/IMG_0051-2048x1351.jpg 2048w, https:\/\/napa.gl\/wp-content\/uploads\/2025\/09\/IMG_0051-700x462.jpg 700w\" sizes=\"auto, (max-width: 300px) 100vw, 300px\" \/><\/div>\n\t\t<\/a>\n\t\t\t\t<div class=\"elementor-post__text\">\n\t\t\t\t<h5 class=\"elementor-post__title\">\n\t\t\t<a href=\"https:\/\/napa.gl\/da\/nuuk-international-film-festival-tak-for-denne-gang\/\">\n\t\t\t\tNuuk International Film Festival &#8211; tak for denne gang!\t\t\t<\/a>\n\t\t<\/h5>\n\t\t\t\t<div class=\"elementor-post__excerpt\">\n\t\t\t<p>Den niende udgave af Nuuk International Film Festival (NIFF) er vel overst\u00e5et, og vi sidder tilbage med en masse st\u00e6rke indtryk fra film fra Gr\u00f8nland, Arktis og Norden. NAPA er stolte af at have v\u00e6ret med til at st\u00f8tte festivalen, som endnu en gang viste,<\/p>\n\t\t<\/div>\n\t\t\n\t\t<a class=\"elementor-post__read-more\" href=\"https:\/\/napa.gl\/da\/nuuk-international-film-festival-tak-for-denne-gang\/\" aria-label=\"Read more about Nuuk International Film Festival &#8211; tak for denne gang!\" tabindex=\"-1\">\n\t\t\tL\u00e6s mere \u00bb\t\t<\/a>\n\n\t\t\t\t<\/div>\n\t\t\t\t<\/article>\n\t\t\t\t<article class=\"elementor-post elementor-grid-item post-39460 post type-post status-publish format-standard has-post-thumbnail hentry category-nordens-arktis-program category-nordic-arcticprogramme category-nyt category-stoettede-projekter\" role=\"listitem\">\n\t\t\t\t<a class=\"elementor-post__thumbnail__link\" href=\"https:\/\/napa.gl\/da\/new-arctic-kitchen-lokal-mad-fra-arktis-paa-nye-maader\/\" tabindex=\"-1\">\n\t\t\t<div class=\"elementor-post__thumbnail\"><img loading=\"lazy\" decoding=\"async\" width=\"300\" height=\"200\" src=\"https:\/\/napa.gl\/wp-content\/uploads\/2025\/09\/Tromso-15-300x200.jpg\" class=\"attachment-medium size-medium wp-image-39461\" alt=\"\" srcset=\"https:\/\/napa.gl\/wp-content\/uploads\/2025\/09\/Tromso-15-300x200.jpg 300w, https:\/\/napa.gl\/wp-content\/uploads\/2025\/09\/Tromso-15-1024x684.jpg 1024w, https:\/\/napa.gl\/wp-content\/uploads\/2025\/09\/Tromso-15-768x513.jpg 768w, https:\/\/napa.gl\/wp-content\/uploads\/2025\/09\/Tromso-15-1536x1026.jpg 1536w, https:\/\/napa.gl\/wp-content\/uploads\/2025\/09\/Tromso-15-700x468.jpg 700w, https:\/\/napa.gl\/wp-content\/uploads\/2025\/09\/Tromso-15.jpg 2048w\" sizes=\"auto, (max-width: 300px) 100vw, 300px\" \/><\/div>\n\t\t<\/a>\n\t\t\t\t<div class=\"elementor-post__text\">\n\t\t\t\t<h5 class=\"elementor-post__title\">\n\t\t\t<a href=\"https:\/\/napa.gl\/da\/new-arctic-kitchen-lokal-mad-fra-arktis-paa-nye-maader\/\">\n\t\t\t\tNew Arctic Kitchen \u2013 lokal mad fra Arktis p\u00e5 nye m\u00e5der\t\t\t<\/a>\n\t\t<\/h5>\n\t\t\t\t<div class=\"elementor-post__excerpt\">\n\t\t\t<p>Nordiske Ministerr\u00e5d har st\u00f8ttet New Arctic Kitchen, et projekt om mad og turisme, hvor lokale r\u00e5varer fra Arktis tilbydes turister p\u00e5 en enkel og indbydende m\u00e5de. Det er sket igennem Nordens Arktis Program. New Arctic Kitchens m\u00e5l er at skabe lokal stolthed over traditionelle k\u00f8d-<\/p>\n\t\t<\/div>\n\t\t\n\t\t<a class=\"elementor-post__read-more\" href=\"https:\/\/napa.gl\/da\/new-arctic-kitchen-lokal-mad-fra-arktis-paa-nye-maader\/\" aria-label=\"Read more about New Arctic Kitchen \u2013 lokal mad fra Arktis p\u00e5 nye m\u00e5der\" tabindex=\"-1\">\n\t\t\tL\u00e6s mere \u00bb\t\t<\/a>\n\n\t\t\t\t<\/div>\n\t\t\t\t<\/article>\n\t\t\t\t<article class=\"elementor-post elementor-grid-item post-39717 post type-post status-publish format-standard has-post-thumbnail hentry category-news\" role=\"listitem\">\n\t\t\t\t<a class=\"elementor-post__thumbnail__link\" href=\"https:\/\/napa.gl\/da\/behovsanalyse-af-de-kulturelle-og-kreative-erhverv-i-groenland\/\" tabindex=\"-1\">\n\t\t\t<div class=\"elementor-post__thumbnail\"><img loading=\"lazy\" decoding=\"async\" width=\"300\" height=\"200\" src=\"https:\/\/napa.gl\/wp-content\/uploads\/2025\/02\/DSC3548-2-scaled-1-300x200.jpg\" class=\"attachment-medium size-medium wp-image-37777\" alt=\"\" srcset=\"https:\/\/napa.gl\/wp-content\/uploads\/2025\/02\/DSC3548-2-scaled-1-300x200.jpg 300w, https:\/\/napa.gl\/wp-content\/uploads\/2025\/02\/DSC3548-2-scaled-1-1024x684.jpg 1024w, https:\/\/napa.gl\/wp-content\/uploads\/2025\/02\/DSC3548-2-scaled-1-768x513.jpg 768w, https:\/\/napa.gl\/wp-content\/uploads\/2025\/02\/DSC3548-2-scaled-1-1536x1025.jpg 1536w, https:\/\/napa.gl\/wp-content\/uploads\/2025\/02\/DSC3548-2-scaled-1-2048x1367.jpg 2048w, https:\/\/napa.gl\/wp-content\/uploads\/2025\/02\/DSC3548-2-scaled-1-700x467.jpg 700w\" sizes=\"auto, (max-width: 300px) 100vw, 300px\" \/><\/div>\n\t\t<\/a>\n\t\t\t\t<div class=\"elementor-post__text\">\n\t\t\t\t<h5 class=\"elementor-post__title\">\n\t\t\t<a href=\"https:\/\/napa.gl\/da\/behovsanalyse-af-de-kulturelle-og-kreative-erhverv-i-groenland\/\">\n\t\t\t\tBehovsanalyse af de kulturelle og kreative erhverv i Gr\u00f8nland\t\t\t<\/a>\n\t\t<\/h5>\n\t\t\t\t<div class=\"elementor-post__excerpt\">\n\t\t\t<p>I 2023 igangsatte NAPA arbejdet med en behovsanalyse af de kulturelle og kreative erhverv i Gr\u00f8nland. Form\u00e5let var at skabe et solidt vidensgrundlag for m\u00e5lrettede tilbud, nye forretningsmuligheder og styrkede rammer for kreative akt\u00f8rer og virksomheder i hele landet. I l\u00f8bet af 2023 og 2024<\/p>\n\t\t<\/div>\n\t\t\n\t\t<a class=\"elementor-post__read-more\" href=\"https:\/\/napa.gl\/da\/behovsanalyse-af-de-kulturelle-og-kreative-erhverv-i-groenland\/\" aria-label=\"Read more about Behovsanalyse af de kulturelle og kreative erhverv i Gr\u00f8nland\" tabindex=\"-1\">\n\t\t\tL\u00e6s mere \u00bb\t\t<\/a>\n\n\t\t\t\t<\/div>\n\t\t\t\t<\/article>\n\t\t\t\t<\/div>\n\t\t\n\t\t\t\t\t\t<\/div>\n\t\t\t\t<\/div>\n\t\t\t\t\t<\/div>\n\t\t<\/div>\n\t\t\t\t\t<\/div>\n\t\t<\/section>\n\t\t\t\t<\/div>\n\t\t","protected":false},"excerpt":{"rendered":"<p>Videoguide: S\u00e5dan s\u00f8ger du Kulturst\u00f8tteprogrammet NAPAs r\u00e5dgiver, Pipaluk Lykke, giver en guide til, hvordan du s\u00f8ger midler gennem Kulturst\u00f8tteprogrammet. I videoen f\u00e5r du en trin-for-trin gennemgang af, hvor du finder ans\u00f8gningsskemaet, og hvad du skal udfylde. Har du sp\u00f8rgsm\u00e5l til Kulturst\u00f8tteprogrammet eller til NAPAs st\u00f8tte&#8230;<\/p>\n","protected":false},"author":24,"featured_media":0,"parent":16192,"menu_order":0,"comment_status":"closed","ping_status":"closed","template":"","meta":{"footnotes":""},"categories":[],"class_list":["post-40176","page","type-page","status-publish","hentry"],"_links":{"self":[{"href":"https:\/\/napa.gl\/da\/wp-json\/wp\/v2\/pages\/40176","targetHints":{"allow":["GET"]}}],"collection":[{"href":"https:\/\/napa.gl\/da\/wp-json\/wp\/v2\/pages"}],"about":[{"href":"https:\/\/napa.gl\/da\/wp-json\/wp\/v2\/types\/page"}],"author":[{"embeddable":true,"href":"https:\/\/napa.gl\/da\/wp-json\/wp\/v2\/users\/24"}],"replies":[{"embeddable":true,"href":"https:\/\/napa.gl\/da\/wp-json\/wp\/v2\/comments?post=40176"}],"version-history":[{"count":4,"href":"https:\/\/napa.gl\/da\/wp-json\/wp\/v2\/pages\/40176\/revisions"}],"predecessor-version":[{"id":40180,"href":"https:\/\/napa.gl\/da\/wp-json\/wp\/v2\/pages\/40176\/revisions\/40180"}],"up":[{"embeddable":true,"href":"https:\/\/napa.gl\/da\/wp-json\/wp\/v2\/pages\/16192"}],"wp:attachment":[{"href":"https:\/\/napa.gl\/da\/wp-json\/wp\/v2\/media?parent=40176"}],"wp:term":[{"taxonomy":"category","embeddable":true,"href":"https:\/\/napa.gl\/da\/wp-json\/wp\/v2\/categories?post=40176"}],"curies":[{"name":"wp","href":"https:\/\/api.w.org\/{rel}","templated":true}]}}