{"id":40004,"date":"2025-11-25T12:40:54","date_gmt":"2025-11-25T14:40:54","guid":{"rendered":"https:\/\/napa.gl\/?page_id=40004"},"modified":"2025-12-01T10:04:32","modified_gmt":"2025-12-01T12:04:32","slug":"informationswebinar-om-nordens-arktis-program","status":"publish","type":"page","link":"https:\/\/napa.gl\/da\/arktisk-samarbejdsprogram\/informationswebinar-om-nordens-arktis-program\/","title":{"rendered":"Informationswebinar om Nordens Arktis Program"},"content":{"rendered":"\t\t<div data-elementor-type=\"wp-page\" data-elementor-id=\"40004\" class=\"elementor elementor-40004\" data-elementor-post-type=\"page\">\n\t\t\t\t\t\t<section class=\"elementor-section elementor-top-section elementor-element elementor-element-2fc380df elementor-reverse-mobile elementor-section-boxed elementor-section-height-default elementor-section-height-default parallax_section_no qode_elementor_container_no\" data-id=\"2fc380df\" data-element_type=\"section\" data-e-type=\"section\">\n\t\t\t\t\t\t<div class=\"elementor-container elementor-column-gap-default\">\n\t\t\t\t\t<div class=\"elementor-column elementor-col-100 elementor-top-column elementor-element elementor-element-720ad49f\" data-id=\"720ad49f\" data-element_type=\"column\" data-e-type=\"column\">\n\t\t\t<div class=\"elementor-widget-wrap elementor-element-populated\">\n\t\t\t\t\t\t<div class=\"elementor-element elementor-element-6cb8b967 elementor-widget-divider--separator-type-pattern elementor-widget-divider--view-line elementor-widget elementor-widget-divider\" data-id=\"6cb8b967\" data-element_type=\"widget\" data-e-type=\"widget\" data-widget_type=\"divider.default\">\n\t\t\t\t<div class=\"elementor-widget-container\">\n\t\t\t\t\t\t\t<div class=\"elementor-divider\" style=\"--divider-pattern-url: url(&quot;data:image\/svg+xml,%3Csvg xmlns=&#039;http:\/\/www.w3.org\/2000\/svg&#039; preserveAspectRatio=&#039;none&#039; overflow=&#039;visible&#039; height=&#039;100%&#039; viewBox=&#039;0 0 20 16&#039; fill=&#039;none&#039; stroke=&#039;black&#039; stroke-width=&#039;2.2&#039; stroke-linecap=&#039;square&#039; stroke-miterlimit=&#039;10&#039;%3E%3Cg transform=&#039;translate(-12.000000, 0)&#039;%3E%3Cpath d=&#039;M28,0L10,18&#039;\/%3E%3Cpath d=&#039;M18,0L0,18&#039;\/%3E%3Cpath d=&#039;M48,0L30,18&#039;\/%3E%3Cpath d=&#039;M38,0L20,18&#039;\/%3E%3C\/g%3E%3C\/svg%3E&quot;);\">\n\t\t\t<span class=\"elementor-divider-separator\">\n\t\t\t\t\t\t<\/span>\n\t\t<\/div>\n\t\t\t\t\t\t<\/div>\n\t\t\t\t<\/div>\n\t\t\t\t<div class=\"elementor-element elementor-element-5f97ac20 elementor-widget elementor-widget-heading\" data-id=\"5f97ac20\" data-element_type=\"widget\" data-e-type=\"widget\" data-widget_type=\"heading.default\">\n\t\t\t\t<div class=\"elementor-widget-container\">\n\t\t\t\t\t<h2 class=\"elementor-heading-title elementor-size-default\">Informationswebinar om Nordens Arktis Program <\/h2>\t\t\t\t<\/div>\n\t\t\t\t<\/div>\n\t\t\t\t\t<\/div>\n\t\t<\/div>\n\t\t\t\t\t<\/div>\n\t\t<\/section>\n\t\t\t\t<section class=\"elementor-section elementor-top-section elementor-element elementor-element-4ba109e6 elementor-section-boxed elementor-section-height-default elementor-section-height-default parallax_section_no qode_elementor_container_no\" data-id=\"4ba109e6\" data-element_type=\"section\" data-e-type=\"section\">\n\t\t\t\t\t\t<div class=\"elementor-container elementor-column-gap-default\">\n\t\t\t\t\t<div class=\"elementor-column elementor-col-100 elementor-top-column elementor-element elementor-element-26de3e81\" data-id=\"26de3e81\" data-element_type=\"column\" data-e-type=\"column\">\n\t\t\t<div class=\"elementor-widget-wrap elementor-element-populated\">\n\t\t\t\t\t\t<div class=\"elementor-element elementor-element-54c2daf6 elementor-widget elementor-widget-text-editor\" data-id=\"54c2daf6\" data-element_type=\"widget\" data-e-type=\"widget\" data-widget_type=\"text-editor.default\">\n\t\t\t\t<div class=\"elementor-widget-container\">\n\t\t\t\t\t\t\t\t\t<p>L\u00e6r mere om\u00a0Nordens Arktis Program<strong> (NAP)<\/strong>\u00a0\u2013 et st\u00f8tteprogram, der fremmer samarbejde mellem nordiske og arktiske partnere for at styrke civilsamfundet, underst\u00f8tte b\u00e6redygtig og gr\u00f8n udvikling samt opbygge modstandsdygtige og levende lokalsamfund i hele Arktis.<\/p><p>\u00a0<\/p><p>I dette 35-minutters webinar f\u00e5r du indsigt i:<\/p><p>\u00a0<\/p><ul><li>Hvad du skal inkludere i din ans\u00f8gning<\/li><li>Hvad du skal huske, n\u00e5r du ans\u00f8ger<\/li><li>Hvordan evalueringsprocessen foreg\u00e5r<\/li><li>\u2026samt mange andre nyttige tips<\/li><\/ul><p>\u00a0<\/p><p>Du kan altid kontakte NAPA\u00a0om Nordens Arktis Program, ans\u00f8gninger, budgetter og relaterede sp\u00f8rgsm\u00e5l p\u00e5: napa@napa.gl, eller kontakte NAPAs r\u00e5dgiver for Nordens Arktis Program, Pipaluk Lykke, direkte p\u00e5: pipaluk@napa.gl.<\/p><p>\u00a0<\/p>\t\t\t\t\t\t\t\t<\/div>\n\t\t\t\t<\/div>\n\t\t\t\t<div class=\"elementor-element elementor-element-4072047 elementor-widget elementor-widget-video\" data-id=\"4072047\" data-element_type=\"widget\" data-e-type=\"widget\" data-settings=\"{&quot;video_type&quot;:&quot;vimeo&quot;}\" data-widget_type=\"video.default\">\n\t\t\t\t<div class=\"elementor-widget-container\">\n\t\t\t\t\t\t\t<div class=\"elementor-wrapper elementor-open-inline\">\n\t\t\t<iframe class=\"elementor-video-iframe\" allowfullscreen allow=\"clipboard-write\" title=\"vimeo videoafspiller\" src=\"https:\/\/player.vimeo.com\/video\/1142033662?color&amp;autopause=0&amp;loop=0&amp;muted=0&amp;title=1&amp;portrait=1&amp;byline=1#t=\"><\/iframe>\t\t<\/div>\n\t\t\t\t\t\t<\/div>\n\t\t\t\t<\/div>\n\t\t\t\t\t<\/div>\n\t\t<\/div>\n\t\t\t\t\t<\/div>\n\t\t<\/section>\n\t\t\t\t<section class=\"elementor-section elementor-top-section elementor-element elementor-element-56b871e0 elementor-section-boxed elementor-section-height-default elementor-section-height-default parallax_section_no qode_elementor_container_no\" data-id=\"56b871e0\" data-element_type=\"section\" data-e-type=\"section\">\n\t\t\t\t\t\t<div class=\"elementor-container elementor-column-gap-default\">\n\t\t\t\t\t<div class=\"elementor-column elementor-col-100 elementor-top-column elementor-element elementor-element-7d2507b6\" data-id=\"7d2507b6\" data-element_type=\"column\" data-e-type=\"column\">\n\t\t\t<div class=\"elementor-widget-wrap elementor-element-populated\">\n\t\t\t\t\t\t<div class=\"elementor-element elementor-element-217db433 elementor-widget elementor-widget-heading\" data-id=\"217db433\" data-element_type=\"widget\" data-e-type=\"widget\" data-widget_type=\"heading.default\">\n\t\t\t\t<div class=\"elementor-widget-container\">\n\t\t\t\t\t<h5 class=\"elementor-heading-title elementor-size-default\">Andre projekter<\/h5>\t\t\t\t<\/div>\n\t\t\t\t<\/div>\n\t\t\t\t<div class=\"elementor-element elementor-element-442f991f elementor-grid-4 elementor-grid-tablet-2 elementor-grid-mobile-1 elementor-posts--thumbnail-top elementor-widget elementor-widget-posts\" data-id=\"442f991f\" data-element_type=\"widget\" data-e-type=\"widget\" data-settings=\"{&quot;classic_columns&quot;:&quot;4&quot;,&quot;classic_columns_tablet&quot;:&quot;2&quot;,&quot;classic_columns_mobile&quot;:&quot;1&quot;,&quot;classic_row_gap&quot;:{&quot;unit&quot;:&quot;px&quot;,&quot;size&quot;:35,&quot;sizes&quot;:[]},&quot;classic_row_gap_tablet&quot;:{&quot;unit&quot;:&quot;px&quot;,&quot;size&quot;:&quot;&quot;,&quot;sizes&quot;:[]},&quot;classic_row_gap_mobile&quot;:{&quot;unit&quot;:&quot;px&quot;,&quot;size&quot;:&quot;&quot;,&quot;sizes&quot;:[]}}\" data-widget_type=\"posts.classic\">\n\t\t\t\t<div class=\"elementor-widget-container\">\n\t\t\t\t\t\t\t<div class=\"elementor-posts-container elementor-posts elementor-posts--skin-classic elementor-grid\" role=\"list\">\n\t\t\t\t<article class=\"elementor-post elementor-grid-item post-35599 post type-post status-publish format-standard has-post-thumbnail hentry category-nyt\" role=\"listitem\">\n\t\t\t\t<a class=\"elementor-post__thumbnail__link\" href=\"https:\/\/napa.gl\/da\/susanne-andreasen-bliver-ny-direktoer-for-nordens-institut-i-groenland\/\" tabindex=\"-1\">\n\t\t\t<div class=\"elementor-post__thumbnail\"><img loading=\"lazy\" decoding=\"async\" width=\"300\" height=\"189\" src=\"https:\/\/napa.gl\/wp-content\/uploads\/2024\/08\/Susanne-Andreasen-Foto-af-Jonas-Nilsson-300x189.webp\" class=\"attachment-medium size-medium wp-image-35614\" alt=\"\" srcset=\"https:\/\/napa.gl\/wp-content\/uploads\/2024\/08\/Susanne-Andreasen-Foto-af-Jonas-Nilsson-300x189.webp 300w, https:\/\/napa.gl\/wp-content\/uploads\/2024\/08\/Susanne-Andreasen-Foto-af-Jonas-Nilsson-1024x646.webp 1024w, https:\/\/napa.gl\/wp-content\/uploads\/2024\/08\/Susanne-Andreasen-Foto-af-Jonas-Nilsson-768x484.webp 768w, https:\/\/napa.gl\/wp-content\/uploads\/2024\/08\/Susanne-Andreasen-Foto-af-Jonas-Nilsson-1536x969.webp 1536w, https:\/\/napa.gl\/wp-content\/uploads\/2024\/08\/Susanne-Andreasen-Foto-af-Jonas-Nilsson-700x442.webp 700w, https:\/\/napa.gl\/wp-content\/uploads\/2024\/08\/Susanne-Andreasen-Foto-af-Jonas-Nilsson.webp 1920w\" sizes=\"auto, (max-width: 300px) 100vw, 300px\" \/><\/div>\n\t\t<\/a>\n\t\t\t\t<div class=\"elementor-post__text\">\n\t\t\t\t<h5 class=\"elementor-post__title\">\n\t\t\t<a href=\"https:\/\/napa.gl\/da\/susanne-andreasen-bliver-ny-direktoer-for-nordens-institut-i-groenland\/\">\n\t\t\t\tSusanne Andreasen bliver ny direkt\u00f8r for Nordens Institut i Gr\u00f8nland\t\t\t<\/a>\n\t\t<\/h5>\n\t\t\t\t<div class=\"elementor-post__excerpt\">\n\t\t\t<p>Susanne Andreasen bliver ny direkt\u00f8r for Nordens Institut i Gr\u00f8nland, NAPA. Andreasen har en lang erfaring inden for kultur- og teaterbranchen i Gr\u00f8nland. Susanne Andreasen var blandt andet teaterchef p\u00e5 Gr\u00f8nlands nationalteater (Nunatta Isiginnaartitsisarfia) i perioden 2016-2023, hvor hun havde det overordnede ansvar for teater-<\/p>\n\t\t<\/div>\n\t\t\n\t\t<a class=\"elementor-post__read-more\" href=\"https:\/\/napa.gl\/da\/susanne-andreasen-bliver-ny-direktoer-for-nordens-institut-i-groenland\/\" aria-label=\"Read more about Susanne Andreasen bliver ny direkt\u00f8r for Nordens Institut i Gr\u00f8nland\" tabindex=\"-1\">\n\t\t\tL\u00e6s mere \u00bb\t\t<\/a>\n\n\t\t\t\t<\/div>\n\t\t\t\t<\/article>\n\t\t\t\t<article class=\"elementor-post elementor-grid-item post-36221 post type-post status-publish format-standard has-post-thumbnail hentry category-atorfiit-inuttarsassiuutat-2 category-atorfiit-inuttarsassiuutat category-ledige-stillinger category-nutaarsiassat\" role=\"listitem\">\n\t\t\t\t<a class=\"elementor-post__thumbnail__link\" href=\"https:\/\/napa.gl\/da\/napa-nordens-institut-i-gronland-soger-radgiver-og-projektleder-en-samlet-stilling\/\" tabindex=\"-1\">\n\t\t\t<div class=\"elementor-post__thumbnail\"><img loading=\"lazy\" decoding=\"async\" width=\"300\" height=\"214\" src=\"https:\/\/napa.gl\/wp-content\/uploads\/2024\/11\/DSC3621-2-300x214.webp\" class=\"attachment-medium size-medium wp-image-36215\" alt=\"\" srcset=\"https:\/\/napa.gl\/wp-content\/uploads\/2024\/11\/DSC3621-2-300x214.webp 300w, https:\/\/napa.gl\/wp-content\/uploads\/2024\/11\/DSC3621-2-1024x732.webp 1024w, https:\/\/napa.gl\/wp-content\/uploads\/2024\/11\/DSC3621-2-768x549.webp 768w, https:\/\/napa.gl\/wp-content\/uploads\/2024\/11\/DSC3621-2-1536x1098.webp 1536w, https:\/\/napa.gl\/wp-content\/uploads\/2024\/11\/DSC3621-2-700x500.webp 700w, https:\/\/napa.gl\/wp-content\/uploads\/2024\/11\/DSC3621-2.webp 1920w\" sizes=\"auto, (max-width: 300px) 100vw, 300px\" \/><\/div>\n\t\t<\/a>\n\t\t\t\t<div class=\"elementor-post__text\">\n\t\t\t\t<h5 class=\"elementor-post__title\">\n\t\t\t<a href=\"https:\/\/napa.gl\/da\/napa-nordens-institut-i-gronland-soger-radgiver-og-projektleder-en-samlet-stilling\/\">\n\t\t\t\tNAPA, Nordens Institut i Gr\u00f8nland s\u00f8ger r\u00e5dgiver og projektleder (\u00e9n samlet stilling)\t\t\t<\/a>\n\t\t<\/h5>\n\t\t\t\t<div class=\"elementor-post__excerpt\">\n\t\t\t<p>Har du lyst til at arbejde i et flerkulturelt nordisk og arktisk f\u00e6llesskab? Vi er en lille, nordisk institution under Nordisk Ministerr\u00e5d med entusiastiske medarbejdere, der gl\u00e6der sig til at f\u00e5 en ny kollega! Vores vigtigste opgave er at s\u00f8rge for, at arktiske perspektiver bliver<\/p>\n\t\t<\/div>\n\t\t\n\t\t<a class=\"elementor-post__read-more\" href=\"https:\/\/napa.gl\/da\/napa-nordens-institut-i-gronland-soger-radgiver-og-projektleder-en-samlet-stilling\/\" aria-label=\"Read more about NAPA, Nordens Institut i Gr\u00f8nland s\u00f8ger r\u00e5dgiver og projektleder (\u00e9n samlet stilling)\" tabindex=\"-1\">\n\t\t\tL\u00e6s mere \u00bb\t\t<\/a>\n\n\t\t\t\t<\/div>\n\t\t\t\t<\/article>\n\t\t\t\t<article class=\"elementor-post elementor-grid-item post-19116 post type-post status-publish format-standard has-post-thumbnail hentry category-stoettede-projekter category-boern-og-unge category-groenland category-nyt category-skole-og-uddannelse\" role=\"listitem\">\n\t\t\t\t<a class=\"elementor-post__thumbnail__link\" href=\"https:\/\/napa.gl\/da\/ny-undervisningsbog-om-lov-og-demokrati\/\" tabindex=\"-1\">\n\t\t\t<div class=\"elementor-post__thumbnail\"><img loading=\"lazy\" decoding=\"async\" width=\"300\" height=\"212\" src=\"https:\/\/napa.gl\/wp-content\/uploads\/2021\/02\/Law-Shifters-mockup-300x212.jpg\" class=\"attachment-medium size-medium wp-image-19121\" alt=\"\" srcset=\"https:\/\/napa.gl\/wp-content\/uploads\/2021\/02\/Law-Shifters-mockup-300x212.jpg 300w, https:\/\/napa.gl\/wp-content\/uploads\/2021\/02\/Law-Shifters-mockup-1024x724.jpg 1024w, https:\/\/napa.gl\/wp-content\/uploads\/2021\/02\/Law-Shifters-mockup-768x543.jpg 768w, https:\/\/napa.gl\/wp-content\/uploads\/2021\/02\/Law-Shifters-mockup-1536x1086.jpg 1536w, https:\/\/napa.gl\/wp-content\/uploads\/2021\/02\/Law-Shifters-mockup-2048x1448.jpg 2048w, https:\/\/napa.gl\/wp-content\/uploads\/2021\/02\/Law-Shifters-mockup-700x495.jpg 700w\" sizes=\"auto, (max-width: 300px) 100vw, 300px\" \/><\/div>\n\t\t<\/a>\n\t\t\t\t<div class=\"elementor-post__text\">\n\t\t\t\t<h5 class=\"elementor-post__title\">\n\t\t\t<a href=\"https:\/\/napa.gl\/da\/ny-undervisningsbog-om-lov-og-demokrati\/\">\n\t\t\t\tNy undervisningsbog om lov og demokrati\t\t\t<\/a>\n\t\t<\/h5>\n\t\t\t\t<div class=\"elementor-post__excerpt\">\n\t\t\t<p>Nuuk Kunstmuseum og kunstner Stine Marie Jacobsen har udgivet en undervisningsbog om lov og demokrati under projektet Law Shifters. Law Shifters er et kunstprojekt ma\u030alrettet b\u00f8rn og unge af kunstner Stine Marie Jacobsen. I 2019 var projektet pa\u030a Nuuk Kunstmuseum. Law Shifters har gennem de<\/p>\n\t\t<\/div>\n\t\t\n\t\t<a class=\"elementor-post__read-more\" href=\"https:\/\/napa.gl\/da\/ny-undervisningsbog-om-lov-og-demokrati\/\" aria-label=\"Read more about Ny undervisningsbog om lov og demokrati\" tabindex=\"-1\">\n\t\t\tL\u00e6s mere \u00bb\t\t<\/a>\n\n\t\t\t\t<\/div>\n\t\t\t\t<\/article>\n\t\t\t\t<article class=\"elementor-post elementor-grid-item post-32674 post type-post status-publish format-standard has-post-thumbnail hentry category-interview category-nordic-talks category-nyt category-podcast\" role=\"listitem\">\n\t\t\t\t<a class=\"elementor-post__thumbnail__link\" href=\"https:\/\/napa.gl\/da\/gronlandske-kultursamtaler-i-norden-teater\/\" tabindex=\"-1\">\n\t\t\t<div class=\"elementor-post__thumbnail\"><img loading=\"lazy\" decoding=\"async\" width=\"300\" height=\"169\" src=\"https:\/\/napa.gl\/wp-content\/uploads\/2023\/04\/VIvi-og-Susanne-300x169.jpg\" class=\"attachment-medium size-medium wp-image-32684\" alt=\"\" srcset=\"https:\/\/napa.gl\/wp-content\/uploads\/2023\/04\/VIvi-og-Susanne-300x169.jpg 300w, https:\/\/napa.gl\/wp-content\/uploads\/2023\/04\/VIvi-og-Susanne-1024x576.jpg 1024w, https:\/\/napa.gl\/wp-content\/uploads\/2023\/04\/VIvi-og-Susanne-768x432.jpg 768w, https:\/\/napa.gl\/wp-content\/uploads\/2023\/04\/VIvi-og-Susanne-1536x864.jpg 1536w, https:\/\/napa.gl\/wp-content\/uploads\/2023\/04\/VIvi-og-Susanne-2048x1152.jpg 2048w, https:\/\/napa.gl\/wp-content\/uploads\/2023\/04\/VIvi-og-Susanne-700x394.jpg 700w, https:\/\/napa.gl\/wp-content\/uploads\/2023\/04\/VIvi-og-Susanne-539x303.jpg 539w\" sizes=\"auto, (max-width: 300px) 100vw, 300px\" \/><\/div>\n\t\t<\/a>\n\t\t\t\t<div class=\"elementor-post__text\">\n\t\t\t\t<h5 class=\"elementor-post__title\">\n\t\t\t<a href=\"https:\/\/napa.gl\/da\/gronlandske-kultursamtaler-i-norden-teater\/\">\n\t\t\t\tGr\u00f8nlandske kultursamtaler i Norden: Teater\t\t\t<\/a>\n\t\t<\/h5>\n\t\t\t\t<div class=\"elementor-post__excerpt\">\n\t\t\t<p>Teaterchef i nationalteatret Susanne Andreasen og Vivi S\u00f8rensen, der er studieansvarlig i samme hus, snakker om hvor vigtigt teater er for samfundet i Gr\u00f8nland. Lyt eller se samtalen.\u00a0\u00a0 NAPA vil i de kommende uger udgive Gr\u00f8nlandske Samtaler i Norden. I dette afsnit taler vi med<\/p>\n\t\t<\/div>\n\t\t\n\t\t<a class=\"elementor-post__read-more\" href=\"https:\/\/napa.gl\/da\/gronlandske-kultursamtaler-i-norden-teater\/\" aria-label=\"Read more about Gr\u00f8nlandske kultursamtaler i Norden: Teater\" tabindex=\"-1\">\n\t\t\tL\u00e6s mere \u00bb\t\t<\/a>\n\n\t\t\t\t<\/div>\n\t\t\t\t<\/article>\n\t\t\t\t<\/div>\n\t\t\n\t\t\t\t\t\t<\/div>\n\t\t\t\t<\/div>\n\t\t\t\t\t<\/div>\n\t\t<\/div>\n\t\t\t\t\t<\/div>\n\t\t<\/section>\n\t\t\t\t<\/div>\n\t\t","protected":false},"excerpt":{"rendered":"<p>Informationswebinar om Nordens Arktis Program L\u00e6r mere om\u00a0Nordens Arktis Program (NAP)\u00a0\u2013 et st\u00f8tteprogram, der fremmer samarbejde mellem nordiske og arktiske partnere for at styrke civilsamfundet, underst\u00f8tte b\u00e6redygtig og gr\u00f8n udvikling samt opbygge modstandsdygtige og levende lokalsamfund i hele Arktis. \u00a0 I dette 35-minutters webinar f\u00e5r&#8230;<\/p>\n","protected":false},"author":24,"featured_media":0,"parent":23295,"menu_order":0,"comment_status":"closed","ping_status":"closed","template":"","meta":{"footnotes":""},"categories":[233,170],"class_list":["post-40004","page","type-page","status-publish","hentry","category-nordens-arktis-program","category-nordic-arcticprogramme"],"_links":{"self":[{"href":"https:\/\/napa.gl\/da\/wp-json\/wp\/v2\/pages\/40004","targetHints":{"allow":["GET"]}}],"collection":[{"href":"https:\/\/napa.gl\/da\/wp-json\/wp\/v2\/pages"}],"about":[{"href":"https:\/\/napa.gl\/da\/wp-json\/wp\/v2\/types\/page"}],"author":[{"embeddable":true,"href":"https:\/\/napa.gl\/da\/wp-json\/wp\/v2\/users\/24"}],"replies":[{"embeddable":true,"href":"https:\/\/napa.gl\/da\/wp-json\/wp\/v2\/comments?post=40004"}],"version-history":[{"count":17,"href":"https:\/\/napa.gl\/da\/wp-json\/wp\/v2\/pages\/40004\/revisions"}],"predecessor-version":[{"id":40074,"href":"https:\/\/napa.gl\/da\/wp-json\/wp\/v2\/pages\/40004\/revisions\/40074"}],"up":[{"embeddable":true,"href":"https:\/\/napa.gl\/da\/wp-json\/wp\/v2\/pages\/23295"}],"wp:attachment":[{"href":"https:\/\/napa.gl\/da\/wp-json\/wp\/v2\/media?parent=40004"}],"wp:term":[{"taxonomy":"category","embeddable":true,"href":"https:\/\/napa.gl\/da\/wp-json\/wp\/v2\/categories?post=40004"}],"curies":[{"name":"wp","href":"https:\/\/api.w.org\/{rel}","templated":true}]}}