{"id":39679,"date":"2025-10-24T18:17:32","date_gmt":"2025-10-24T19:17:32","guid":{"rendered":"https:\/\/napa.gl\/?page_id=39679"},"modified":"2025-10-24T18:19:21","modified_gmt":"2025-10-24T19:19:21","slug":"behovsanalyse-af-de-kulturelle-og-kreative-erhverv-i-groenland","status":"publish","type":"page","link":"https:\/\/napa.gl\/da\/aktiviteter\/behovsanalyse-af-de-kulturelle-og-kreative-erhverv-i-groenland\/","title":{"rendered":"Behovsanalyse af de kulturelle og kreative erhverv i Gr\u00f8nland"},"content":{"rendered":"\t\t<div data-elementor-type=\"wp-page\" data-elementor-id=\"39679\" class=\"elementor elementor-39679\" data-elementor-post-type=\"page\">\n\t\t\t\t\t\t<section class=\"elementor-section elementor-top-section elementor-element elementor-element-54fa8dae elementor-reverse-mobile elementor-section-boxed elementor-section-height-default elementor-section-height-default parallax_section_no qode_elementor_container_no\" data-id=\"54fa8dae\" data-element_type=\"section\" data-e-type=\"section\">\n\t\t\t\t\t\t<div class=\"elementor-container elementor-column-gap-default\">\n\t\t\t\t\t<div class=\"elementor-column elementor-col-100 elementor-top-column elementor-element elementor-element-36984fa5\" data-id=\"36984fa5\" data-element_type=\"column\" data-e-type=\"column\">\n\t\t\t<div class=\"elementor-widget-wrap elementor-element-populated\">\n\t\t\t\t\t\t<div class=\"elementor-element elementor-element-4c3381b7 elementor-widget elementor-widget-image\" data-id=\"4c3381b7\" data-element_type=\"widget\" data-e-type=\"widget\" data-widget_type=\"image.default\">\n\t\t\t\t<div class=\"elementor-widget-container\">\n\t\t\t\t\t\t\t\t\t\t\t\t\t\t\t<img loading=\"lazy\" decoding=\"async\" width=\"1024\" height=\"578\" src=\"https:\/\/napa.gl\/wp-content\/uploads\/2024\/04\/DSC3548-2-scaled-e1710860874756-1024x578.jpg\" class=\"attachment-large size-large wp-image-35117\" alt=\"\" srcset=\"https:\/\/napa.gl\/wp-content\/uploads\/2024\/04\/DSC3548-2-scaled-e1710860874756-1024x578.jpg 1024w, https:\/\/napa.gl\/wp-content\/uploads\/2024\/04\/DSC3548-2-scaled-e1710860874756-300x169.jpg 300w, https:\/\/napa.gl\/wp-content\/uploads\/2024\/04\/DSC3548-2-scaled-e1710860874756-768x434.jpg 768w, https:\/\/napa.gl\/wp-content\/uploads\/2024\/04\/DSC3548-2-scaled-e1710860874756-1536x867.jpg 1536w, https:\/\/napa.gl\/wp-content\/uploads\/2024\/04\/DSC3548-2-scaled-e1710860874756-700x395.jpg 700w, https:\/\/napa.gl\/wp-content\/uploads\/2024\/04\/DSC3548-2-scaled-e1710860874756-539x303.jpg 539w, https:\/\/napa.gl\/wp-content\/uploads\/2024\/04\/DSC3548-2-scaled-e1710860874756.jpg 2028w\" sizes=\"auto, (max-width: 1024px) 100vw, 1024px\" \/>\t\t\t\t\t\t\t\t\t\t\t\t\t\t\t<\/div>\n\t\t\t\t<\/div>\n\t\t\t\t\t<\/div>\n\t\t<\/div>\n\t\t\t\t\t<\/div>\n\t\t<\/section>\n\t\t\t\t<section class=\"elementor-section elementor-top-section elementor-element elementor-element-3e5ee4d6 elementor-reverse-mobile elementor-section-boxed elementor-section-height-default elementor-section-height-default parallax_section_no qode_elementor_container_no\" data-id=\"3e5ee4d6\" data-element_type=\"section\" data-e-type=\"section\">\n\t\t\t\t\t\t<div class=\"elementor-container elementor-column-gap-default\">\n\t\t\t\t\t<div class=\"elementor-column elementor-col-100 elementor-top-column elementor-element elementor-element-579e81ee\" data-id=\"579e81ee\" data-element_type=\"column\" data-e-type=\"column\">\n\t\t\t<div class=\"elementor-widget-wrap elementor-element-populated\">\n\t\t\t\t\t\t<div class=\"elementor-element elementor-element-35f5ab34 elementor-widget-divider--separator-type-pattern elementor-widget-divider--view-line elementor-widget elementor-widget-divider\" data-id=\"35f5ab34\" data-element_type=\"widget\" data-e-type=\"widget\" data-widget_type=\"divider.default\">\n\t\t\t\t<div class=\"elementor-widget-container\">\n\t\t\t\t\t\t\t<div class=\"elementor-divider\" style=\"--divider-pattern-url: url(&quot;data:image\/svg+xml,%3Csvg xmlns=&#039;http:\/\/www.w3.org\/2000\/svg&#039; preserveAspectRatio=&#039;none&#039; overflow=&#039;visible&#039; height=&#039;100%&#039; viewBox=&#039;0 0 20 16&#039; fill=&#039;none&#039; stroke=&#039;black&#039; stroke-width=&#039;2.2&#039; stroke-linecap=&#039;square&#039; stroke-miterlimit=&#039;10&#039;%3E%3Cg transform=&#039;translate(-12.000000, 0)&#039;%3E%3Cpath d=&#039;M28,0L10,18&#039;\/%3E%3Cpath d=&#039;M18,0L0,18&#039;\/%3E%3Cpath d=&#039;M48,0L30,18&#039;\/%3E%3Cpath d=&#039;M38,0L20,18&#039;\/%3E%3C\/g%3E%3C\/svg%3E&quot;);\">\n\t\t\t<span class=\"elementor-divider-separator\">\n\t\t\t\t\t\t<\/span>\n\t\t<\/div>\n\t\t\t\t\t\t<\/div>\n\t\t\t\t<\/div>\n\t\t\t\t<div class=\"elementor-element elementor-element-375be20a elementor-widget elementor-widget-heading\" data-id=\"375be20a\" data-element_type=\"widget\" data-e-type=\"widget\" data-widget_type=\"heading.default\">\n\t\t\t\t<div class=\"elementor-widget-container\">\n\t\t\t\t\t<h2 class=\"elementor-heading-title elementor-size-default\">Behovsanalyse af de kulturelle og kreative erhverv i Gr\u00f8nland<\/h2>\t\t\t\t<\/div>\n\t\t\t\t<\/div>\n\t\t\t\t\t<\/div>\n\t\t<\/div>\n\t\t\t\t\t<\/div>\n\t\t<\/section>\n\t\t\t\t<section class=\"elementor-section elementor-top-section elementor-element elementor-element-286653a8 elementor-section-boxed elementor-section-height-default elementor-section-height-default parallax_section_no qode_elementor_container_no\" data-id=\"286653a8\" data-element_type=\"section\" data-e-type=\"section\">\n\t\t\t\t\t\t<div class=\"elementor-container elementor-column-gap-default\">\n\t\t\t\t\t<div class=\"elementor-column elementor-col-100 elementor-top-column elementor-element elementor-element-726f40cc\" data-id=\"726f40cc\" data-element_type=\"column\" data-e-type=\"column\">\n\t\t\t<div class=\"elementor-widget-wrap elementor-element-populated\">\n\t\t\t\t\t\t<div class=\"elementor-element elementor-element-53422a0d elementor-widget elementor-widget-text-editor\" data-id=\"53422a0d\" data-element_type=\"widget\" data-e-type=\"widget\" data-widget_type=\"text-editor.default\">\n\t\t\t\t<div class=\"elementor-widget-container\">\n\t\t\t\t\t\t\t\t\t<p>I 2023 igangsatte NAPA arbejdet med en behovsanalyse af de kulturelle og kreative erhverv i Gr\u00f8nland. Form\u00e5let var at skabe et solidt vidensgrundlag for m\u00e5lrettede tilbud, nye forretningsmuligheder og styrkede rammer for kreative akt\u00f8rer og virksomheder i hele landet.<\/p><p>\u00a0<\/p><p>I l\u00f8bet af 2023 og 2024 indsamlede NAPA svar gennem et sp\u00f8rgeskema, som var tilg\u00e6ngeligt p\u00e5 gr\u00f8nlandsk, dansk og engelsk. I alt <strong>170 personer<\/strong> deltog i unders\u00f8gelsen. P\u00e5 baggrund af deres svar har NAPA gennemf\u00f8rt en analyse, som nu er udgivet som en rapport med resultater og anbefalinger.<\/p><p>Analysen er tilg\u00e6ngelig p\u00e5 <strong>kalaallisut, dansk og engelsk<\/strong>.<\/p><p>\u00a0<\/p><p>Hent analysen her:<\/p><p><a href=\"https:\/\/napa.gl\/wp-content\/uploads\/2025\/10\/KAL-misissuineq-2025.pdf\">KAL misissuineq 2025<\/a><\/p><p><a href=\"https:\/\/napa.gl\/wp-content\/uploads\/2025\/10\/DK-Behovsanalyse-2025.pdf\">DK Behovsanalyse 2025<\/a><\/p><p><a href=\"https:\/\/napa.gl\/wp-content\/uploads\/2025\/10\/ENG-Needs-analyses-2025.pdf\">ENG Needs analyses 2025<\/a><\/p><p>\u00a0<\/p><p>Svarene p\u00e5 alle sp\u00f8rgsm\u00e5l kan ses p\u00e5 denne work-dokument p\u00e5 engelsk:<\/p><p><a href=\"https:\/\/napa.gl\/wp-content\/uploads\/2025\/10\/Summary-word.docx\">Summary word<\/a><\/p>\t\t\t\t\t\t\t\t<\/div>\n\t\t\t\t<\/div>\n\t\t\t\t\t<\/div>\n\t\t<\/div>\n\t\t\t\t\t<\/div>\n\t\t<\/section>\n\t\t\t\t<section class=\"elementor-section elementor-top-section elementor-element elementor-element-17104e17 elementor-section-boxed elementor-section-height-default elementor-section-height-default parallax_section_no qode_elementor_container_no\" data-id=\"17104e17\" data-element_type=\"section\" data-e-type=\"section\">\n\t\t\t\t\t\t<div class=\"elementor-container elementor-column-gap-default\">\n\t\t\t\t\t<div class=\"elementor-column elementor-col-100 elementor-top-column elementor-element elementor-element-5e097501\" data-id=\"5e097501\" data-element_type=\"column\" data-e-type=\"column\">\n\t\t\t<div class=\"elementor-widget-wrap elementor-element-populated\">\n\t\t\t\t\t\t<div class=\"elementor-element elementor-element-5b704820 elementor-widget elementor-widget-heading\" data-id=\"5b704820\" data-element_type=\"widget\" data-e-type=\"widget\" data-widget_type=\"heading.default\">\n\t\t\t\t<div class=\"elementor-widget-container\">\n\t\t\t\t\t<h5 class=\"elementor-heading-title elementor-size-default\">Andre projekter<\/h5>\t\t\t\t<\/div>\n\t\t\t\t<\/div>\n\t\t\t\t<div class=\"elementor-element elementor-element-6153e402 elementor-grid-4 elementor-grid-tablet-2 elementor-grid-mobile-1 elementor-posts--thumbnail-top elementor-widget elementor-widget-posts\" data-id=\"6153e402\" data-element_type=\"widget\" data-e-type=\"widget\" data-settings=\"{&quot;classic_columns&quot;:&quot;4&quot;,&quot;classic_columns_tablet&quot;:&quot;2&quot;,&quot;classic_columns_mobile&quot;:&quot;1&quot;,&quot;classic_row_gap&quot;:{&quot;unit&quot;:&quot;px&quot;,&quot;size&quot;:35,&quot;sizes&quot;:[]},&quot;classic_row_gap_tablet&quot;:{&quot;unit&quot;:&quot;px&quot;,&quot;size&quot;:&quot;&quot;,&quot;sizes&quot;:[]},&quot;classic_row_gap_mobile&quot;:{&quot;unit&quot;:&quot;px&quot;,&quot;size&quot;:&quot;&quot;,&quot;sizes&quot;:[]}}\" data-widget_type=\"posts.classic\">\n\t\t\t\t<div class=\"elementor-widget-container\">\n\t\t\t\t\t\t\t<div class=\"elementor-posts-container elementor-posts elementor-posts--skin-classic elementor-grid\" role=\"list\">\n\t\t\t\t<article class=\"elementor-post elementor-grid-item post-32559 post type-post status-publish format-standard has-post-thumbnail hentry category-arktiske-perspektiver category-identitet category-kultur category-nordic-talks category-nyt category-podcast\" role=\"listitem\">\n\t\t\t\t<a class=\"elementor-post__thumbnail__link\" href=\"https:\/\/napa.gl\/da\/groenlandske-samtaler-i-norden-indigenous-knowledge\/\" tabindex=\"-1\">\n\t\t\t<div class=\"elementor-post__thumbnail\"><img loading=\"lazy\" decoding=\"async\" width=\"300\" height=\"300\" src=\"https:\/\/napa.gl\/wp-content\/uploads\/2022\/06\/DSC_8051-Edit-Enhanced-300x300.jpg\" class=\"attachment-medium size-medium wp-image-30753\" alt=\"Vivi Vold, Ph.D. studerende\" srcset=\"https:\/\/napa.gl\/wp-content\/uploads\/2022\/06\/DSC_8051-Edit-Enhanced-300x300.jpg 300w, https:\/\/napa.gl\/wp-content\/uploads\/2022\/06\/DSC_8051-Edit-Enhanced-1024x1024.jpg 1024w, https:\/\/napa.gl\/wp-content\/uploads\/2022\/06\/DSC_8051-Edit-Enhanced-768x768.jpg 768w, https:\/\/napa.gl\/wp-content\/uploads\/2022\/06\/DSC_8051-Edit-Enhanced-700x700.jpg 700w\" sizes=\"auto, (max-width: 300px) 100vw, 300px\" \/><\/div>\n\t\t<\/a>\n\t\t\t\t<div class=\"elementor-post__text\">\n\t\t\t\t<h5 class=\"elementor-post__title\">\n\t\t\t<a href=\"https:\/\/napa.gl\/da\/groenlandske-samtaler-i-norden-indigenous-knowledge\/\">\n\t\t\t\tGr\u00f8nlandske samtaler i Norden: Indigenous Knowledge\t\t\t<\/a>\n\t\t<\/h5>\n\t\t\t\t<div class=\"elementor-post__excerpt\">\n\t\t\t<p>Vivi Vold, der er kandidat i Kultur- og Samfundshistorie samt Ph.D.-Fellow i Ilisimatusarfik, snakker om forhindringer, udfordringer og kl\u00f8fter mellem oprindelig viden og vestlig viden. Se eller h\u00f8r samtalen.\u00a0 NAPA vil i de kommende uger udgive Gr\u00f8nlandske Samtaler i Norden. Den f\u00f8rste episode er en<\/p>\n\t\t<\/div>\n\t\t\n\t\t<a class=\"elementor-post__read-more\" href=\"https:\/\/napa.gl\/da\/groenlandske-samtaler-i-norden-indigenous-knowledge\/\" aria-label=\"Read more about Gr\u00f8nlandske samtaler i Norden: Indigenous Knowledge\" tabindex=\"-1\">\n\t\t\tL\u00e6s mere \u00bb\t\t<\/a>\n\n\t\t\t\t<\/div>\n\t\t\t\t<\/article>\n\t\t\t\t<article class=\"elementor-post elementor-grid-item post-35473 post type-post status-publish format-standard has-post-thumbnail hentry category-nordic-arcticprogramme category-nyt\" role=\"listitem\">\n\t\t\t\t<a class=\"elementor-post__thumbnail__link\" href=\"https:\/\/napa.gl\/da\/arktisk-samarbejdsprogrammets-midler-uddelt-baeredygtige-projekter-i-groenland-faar-stoette\/\" tabindex=\"-1\">\n\t\t\t<div class=\"elementor-post__thumbnail\"><img loading=\"lazy\" decoding=\"async\" width=\"300\" height=\"200\" src=\"https:\/\/napa.gl\/wp-content\/uploads\/2024\/08\/7V9A8806-300x200.jpg\" class=\"attachment-medium size-medium wp-image-35474\" alt=\"\" srcset=\"https:\/\/napa.gl\/wp-content\/uploads\/2024\/08\/7V9A8806-300x200.jpg 300w, https:\/\/napa.gl\/wp-content\/uploads\/2024\/08\/7V9A8806-1024x683.jpg 1024w, https:\/\/napa.gl\/wp-content\/uploads\/2024\/08\/7V9A8806-768x512.jpg 768w, https:\/\/napa.gl\/wp-content\/uploads\/2024\/08\/7V9A8806-1536x1024.jpg 1536w, https:\/\/napa.gl\/wp-content\/uploads\/2024\/08\/7V9A8806-2048x1365.jpg 2048w, https:\/\/napa.gl\/wp-content\/uploads\/2024\/08\/7V9A8806-700x467.jpg 700w\" sizes=\"auto, (max-width: 300px) 100vw, 300px\" \/><\/div>\n\t\t<\/a>\n\t\t\t\t<div class=\"elementor-post__text\">\n\t\t\t\t<h5 class=\"elementor-post__title\">\n\t\t\t<a href=\"https:\/\/napa.gl\/da\/arktisk-samarbejdsprogrammets-midler-uddelt-baeredygtige-projekter-i-groenland-faar-stoette\/\">\n\t\t\t\tArktisk Samarbejdsprogrammets midler uddelt: B\u00e6redygtige projekter i Gr\u00f8nland f\u00e5r st\u00f8tte\t\t\t<\/a>\n\t\t<\/h5>\n\t\t\t\t<div class=\"elementor-post__excerpt\">\n\t\t\t<p>Nordisk Ministerr\u00e5ds pulje for Arktisk Samarbejdsprogram, som har til form\u00e5l at fremme nordisk internationalt samarbejde i \u2013 og til gavn for Arktis, har uddelt midler til en r\u00e6kke sp\u00e6ndende projekter, heriblandt til Siu-Tsiu og MIO.\u00a0 Nordisk Ministerr\u00e5ds Arktiske Samarbejdsprogram, administreret af NAPA \u2013 Nordens Institut<\/p>\n\t\t<\/div>\n\t\t\n\t\t<a class=\"elementor-post__read-more\" href=\"https:\/\/napa.gl\/da\/arktisk-samarbejdsprogrammets-midler-uddelt-baeredygtige-projekter-i-groenland-faar-stoette\/\" aria-label=\"Read more about Arktisk Samarbejdsprogrammets midler uddelt: B\u00e6redygtige projekter i Gr\u00f8nland f\u00e5r st\u00f8tte\" tabindex=\"-1\">\n\t\t\tL\u00e6s mere \u00bb\t\t<\/a>\n\n\t\t\t\t<\/div>\n\t\t\t\t<\/article>\n\t\t\t\t<article class=\"elementor-post elementor-grid-item post-40604 post type-post status-publish format-standard has-post-thumbnail hentry category-ledige-stillinger category-nyt\" role=\"listitem\">\n\t\t\t\t<a class=\"elementor-post__thumbnail__link\" href=\"https:\/\/napa.gl\/da\/napa-nordens-institut-i-groenland-soeger-raadgiver-og-projektleder-en-samlet-stilling\/\" tabindex=\"-1\">\n\t\t\t<div class=\"elementor-post__thumbnail\"><img loading=\"lazy\" decoding=\"async\" width=\"300\" height=\"199\" src=\"https:\/\/napa.gl\/wp-content\/uploads\/2026\/03\/inuitfigurer-af-liss-stender-1600px-300x199.jpg\" class=\"attachment-medium size-medium wp-image-40609\" alt=\"\" srcset=\"https:\/\/napa.gl\/wp-content\/uploads\/2026\/03\/inuitfigurer-af-liss-stender-1600px-300x199.jpg 300w, https:\/\/napa.gl\/wp-content\/uploads\/2026\/03\/inuitfigurer-af-liss-stender-1600px-1024x680.jpg 1024w, https:\/\/napa.gl\/wp-content\/uploads\/2026\/03\/inuitfigurer-af-liss-stender-1600px-768x510.jpg 768w, https:\/\/napa.gl\/wp-content\/uploads\/2026\/03\/inuitfigurer-af-liss-stender-1600px-1536x1020.jpg 1536w, https:\/\/napa.gl\/wp-content\/uploads\/2026\/03\/inuitfigurer-af-liss-stender-1600px-700x465.jpg 700w, https:\/\/napa.gl\/wp-content\/uploads\/2026\/03\/inuitfigurer-af-liss-stender-1600px.jpg 1600w\" sizes=\"auto, (max-width: 300px) 100vw, 300px\" \/><\/div>\n\t\t<\/a>\n\t\t\t\t<div class=\"elementor-post__text\">\n\t\t\t\t<h5 class=\"elementor-post__title\">\n\t\t\t<a href=\"https:\/\/napa.gl\/da\/napa-nordens-institut-i-groenland-soeger-raadgiver-og-projektleder-en-samlet-stilling\/\">\n\t\t\t\tNAPA, Nordens Institut i Gr\u00f8nland s\u00f8ger r\u00e5dgiver og projektleder (\u00e9n samlet stilling)\t\t\t<\/a>\n\t\t<\/h5>\n\t\t\t\t<div class=\"elementor-post__excerpt\">\n\t\t\t<p>Har du lyst til at arbejde i et flerkulturelt nordisk og arktisk f\u00e6llesskab? Vi er en lille, nordisk institution under Nordisk Ministerr\u00e5d med entusiastiske medarbejdere, der gl\u00e6der sig til at f\u00e5 en ny kollega! Vores vigtigste opgave er at s\u00f8rge for, at arktiske perspektiver bliver<\/p>\n\t\t<\/div>\n\t\t\n\t\t<a class=\"elementor-post__read-more\" href=\"https:\/\/napa.gl\/da\/napa-nordens-institut-i-groenland-soeger-raadgiver-og-projektleder-en-samlet-stilling\/\" aria-label=\"Read more about NAPA, Nordens Institut i Gr\u00f8nland s\u00f8ger r\u00e5dgiver og projektleder (\u00e9n samlet stilling)\" tabindex=\"-1\">\n\t\t\tL\u00e6s mere \u00bb\t\t<\/a>\n\n\t\t\t\t<\/div>\n\t\t\t\t<\/article>\n\t\t\t\t<article class=\"elementor-post elementor-grid-item post-38500 post type-post status-publish format-standard has-post-thumbnail hentry category-stoette category-stoettede-projekter\" role=\"listitem\">\n\t\t\t\t<a class=\"elementor-post__thumbnail__link\" href=\"https:\/\/napa.gl\/da\/groenlandske-studerende-gaar-ind-for-dekolonial-praksis-og-mangfoldighed-i-den-akademiske-verden\/\" tabindex=\"-1\">\n\t\t\t<div class=\"elementor-post__thumbnail\"><img loading=\"lazy\" decoding=\"async\" width=\"300\" height=\"205\" src=\"https:\/\/napa.gl\/wp-content\/uploads\/2025\/03\/Why-heritage-matters-project-2-300x205.jpg\" class=\"attachment-medium size-medium wp-image-38472\" alt=\"\" srcset=\"https:\/\/napa.gl\/wp-content\/uploads\/2025\/03\/Why-heritage-matters-project-2-300x205.jpg 300w, https:\/\/napa.gl\/wp-content\/uploads\/2025\/03\/Why-heritage-matters-project-2-1024x700.jpg 1024w, https:\/\/napa.gl\/wp-content\/uploads\/2025\/03\/Why-heritage-matters-project-2-768x525.jpg 768w, https:\/\/napa.gl\/wp-content\/uploads\/2025\/03\/Why-heritage-matters-project-2-1536x1050.jpg 1536w, https:\/\/napa.gl\/wp-content\/uploads\/2025\/03\/Why-heritage-matters-project-2-700x478.jpg 700w, https:\/\/napa.gl\/wp-content\/uploads\/2025\/03\/Why-heritage-matters-project-2.jpg 1686w\" sizes=\"auto, (max-width: 300px) 100vw, 300px\" \/><\/div>\n\t\t<\/a>\n\t\t\t\t<div class=\"elementor-post__text\">\n\t\t\t\t<h5 class=\"elementor-post__title\">\n\t\t\t<a href=\"https:\/\/napa.gl\/da\/groenlandske-studerende-gaar-ind-for-dekolonial-praksis-og-mangfoldighed-i-den-akademiske-verden\/\">\n\t\t\t\tGr\u00f8nlandsk studerende g\u00e5r ind for dekolonial praksis og mangfoldighed i den akademiske verden\t\t\t<\/a>\n\t\t<\/h5>\n\t\t\t\t<div class=\"elementor-post__excerpt\">\n\t\t\t<p>Den gr\u00f8nlandske studerende Aviaaja Lennert Olsen trives med at fremme mangfoldighed og afkolonisering p\u00e5 Aarhus Universitet, hvor hun studerer Sustainable Heritage Management (SHM).\u202f\u00a0 Takket v\u00e6re st\u00f8tten fra NAPA&#8217;s Kulturst\u00f8tte Program kunne Aviaaja Lennert Olsen deltage i 75-\u00e5rs jubil\u00e6et for Institut for Ark\u00e6ologi og Kulturarvsstudier ved<\/p>\n\t\t<\/div>\n\t\t\n\t\t<a class=\"elementor-post__read-more\" href=\"https:\/\/napa.gl\/da\/groenlandske-studerende-gaar-ind-for-dekolonial-praksis-og-mangfoldighed-i-den-akademiske-verden\/\" aria-label=\"Read more about Gr\u00f8nlandsk studerende g\u00e5r ind for dekolonial praksis og mangfoldighed i den akademiske verden\" tabindex=\"-1\">\n\t\t\tL\u00e6s mere \u00bb\t\t<\/a>\n\n\t\t\t\t<\/div>\n\t\t\t\t<\/article>\n\t\t\t\t<\/div>\n\t\t\n\t\t\t\t\t\t<\/div>\n\t\t\t\t<\/div>\n\t\t\t\t\t<\/div>\n\t\t<\/div>\n\t\t\t\t\t<\/div>\n\t\t<\/section>\n\t\t\t\t<\/div>\n\t\t","protected":false},"excerpt":{"rendered":"<p>Behovsanalyse af de kulturelle og kreative erhverv i Gr\u00f8nland I 2023 igangsatte NAPA arbejdet med en behovsanalyse af de kulturelle og kreative erhverv i Gr\u00f8nland. Form\u00e5let var at skabe et solidt vidensgrundlag for m\u00e5lrettede tilbud, nye forretningsmuligheder og styrkede rammer for kreative akt\u00f8rer og virksomheder&#8230;<\/p>\n","protected":false},"author":24,"featured_media":37777,"parent":18385,"menu_order":0,"comment_status":"closed","ping_status":"closed","template":"","meta":{"footnotes":""},"categories":[222],"class_list":["post-39679","page","type-page","status-publish","has-post-thumbnail","hentry","category-aktiviteter"],"_links":{"self":[{"href":"https:\/\/napa.gl\/da\/wp-json\/wp\/v2\/pages\/39679","targetHints":{"allow":["GET"]}}],"collection":[{"href":"https:\/\/napa.gl\/da\/wp-json\/wp\/v2\/pages"}],"about":[{"href":"https:\/\/napa.gl\/da\/wp-json\/wp\/v2\/types\/page"}],"author":[{"embeddable":true,"href":"https:\/\/napa.gl\/da\/wp-json\/wp\/v2\/users\/24"}],"replies":[{"embeddable":true,"href":"https:\/\/napa.gl\/da\/wp-json\/wp\/v2\/comments?post=39679"}],"version-history":[{"count":5,"href":"https:\/\/napa.gl\/da\/wp-json\/wp\/v2\/pages\/39679\/revisions"}],"predecessor-version":[{"id":39696,"href":"https:\/\/napa.gl\/da\/wp-json\/wp\/v2\/pages\/39679\/revisions\/39696"}],"up":[{"embeddable":true,"href":"https:\/\/napa.gl\/da\/wp-json\/wp\/v2\/pages\/18385"}],"wp:featuredmedia":[{"embeddable":true,"href":"https:\/\/napa.gl\/da\/wp-json\/wp\/v2\/media\/37777"}],"wp:attachment":[{"href":"https:\/\/napa.gl\/da\/wp-json\/wp\/v2\/media?parent=39679"}],"wp:term":[{"taxonomy":"category","embeddable":true,"href":"https:\/\/napa.gl\/da\/wp-json\/wp\/v2\/categories?post=39679"}],"curies":[{"name":"wp","href":"https:\/\/api.w.org\/{rel}","templated":true}]}}