{"id":34706,"date":"2024-03-12T10:37:40","date_gmt":"2024-03-12T12:37:40","guid":{"rendered":"https:\/\/napa.gl\/?page_id=34706"},"modified":"2024-11-22T14:43:50","modified_gmt":"2024-11-22T16:43:50","slug":"analyse-af-det-kreative-erhverv-i-groenland","status":"publish","type":"page","link":"https:\/\/napa.gl\/da\/aktiviteter\/analyse-af-det-kreative-erhverv-i-groenland\/","title":{"rendered":"Analyse af de kreative erhverv i Gr\u00f8nland"},"content":{"rendered":"\t\t<div data-elementor-type=\"wp-page\" data-elementor-id=\"34706\" class=\"elementor elementor-34706\" data-elementor-post-type=\"page\">\n\t\t\t\t\t\t<section class=\"elementor-section elementor-top-section elementor-element elementor-element-174c7cb9 elementor-reverse-mobile elementor-section-boxed elementor-section-height-default elementor-section-height-default parallax_section_no qode_elementor_container_no\" data-id=\"174c7cb9\" data-element_type=\"section\" data-e-type=\"section\">\n\t\t\t\t\t\t<div class=\"elementor-container elementor-column-gap-default\">\n\t\t\t\t\t<div class=\"elementor-column elementor-col-100 elementor-top-column elementor-element elementor-element-4d55e1e3\" data-id=\"4d55e1e3\" data-element_type=\"column\" data-e-type=\"column\">\n\t\t\t<div class=\"elementor-widget-wrap elementor-element-populated\">\n\t\t\t\t\t\t<div class=\"elementor-element elementor-element-5bf0e98a elementor-widget elementor-widget-heading\" data-id=\"5bf0e98a\" data-element_type=\"widget\" data-e-type=\"widget\" data-widget_type=\"heading.default\">\n\t\t\t\t<div class=\"elementor-widget-container\">\n\t\t\t\t\t<h2 class=\"elementor-heading-title elementor-size-default\">De kulturelle og kreative erhverv skal kortl\u00e6gges, s\u00e5 vi kan fremme udvikling - NAPA analyserer de kulturelle og kreative erhverv i Gr\u00f8nland (Unders\u00f8gelsen er lukket)<\/h2>\t\t\t\t<\/div>\n\t\t\t\t<\/div>\n\t\t\t\t\t<\/div>\n\t\t<\/div>\n\t\t\t\t\t<\/div>\n\t\t<\/section>\n\t\t\t\t<section class=\"elementor-section elementor-top-section elementor-element elementor-element-cce9be6 elementor-section-boxed elementor-section-height-default elementor-section-height-default parallax_section_no qode_elementor_container_no\" data-id=\"cce9be6\" data-element_type=\"section\" data-e-type=\"section\">\n\t\t\t\t\t\t<div class=\"elementor-container elementor-column-gap-default\">\n\t\t\t\t\t<div class=\"elementor-column elementor-col-100 elementor-top-column elementor-element elementor-element-1bcceb7d\" data-id=\"1bcceb7d\" data-element_type=\"column\" data-e-type=\"column\">\n\t\t\t<div class=\"elementor-widget-wrap elementor-element-populated\">\n\t\t\t\t\t\t<div class=\"elementor-element elementor-element-44a75814 elementor-widget elementor-widget-text-editor\" data-id=\"44a75814\" data-element_type=\"widget\" data-e-type=\"widget\" data-widget_type=\"text-editor.default\">\n\t\t\t\t<div class=\"elementor-widget-container\">\n\t\t\t\t\t\t\t\t\t<p><b><span data-contrast=\"auto\">Kreativitet er Gr\u00f8nlands vigtigste ressource. Men vi har meget lidt viden om de kreative og kulturelle erhverv. For at blive klogere p\u00e5 de kulturelle og kreative erhvervs behov, lancerer NAPA en behovsanalyse i Gr\u00f8nland. Analysen skal skabe afs\u00e6t for at lave tilbud, forretningsmuligheder for landets kreative.\u00a0<\/span><\/b><span data-ccp-props=\"{&quot;201341983&quot;:0,&quot;335559739&quot;:160,&quot;335559740&quot;:257}\">\u00a0<\/span><span data-ccp-props=\"{&quot;201341983&quot;:0,&quot;335559739&quot;:160,&quot;335559740&quot;:257}\">\u00a0<\/span><\/p><p><span data-ccp-props=\"{&quot;201341983&quot;:0,&quot;335559739&quot;:160,&quot;335559740&quot;:257}\">\u00a0<\/span><\/p><p><span data-contrast=\"auto\">Der findes i dag ikke ret meget viden om de kreative mennesker og virksomheder i landet, og endnu mindre om, hvad der kr\u00e6ves for skabe en b\u00e6redygtig udvikling med afs\u00e6t i de kreatives behov og dr\u00f8mme.\u00a0<\/span><span data-ccp-props=\"{&quot;201341983&quot;:0,&quot;335559739&quot;:160,&quot;335559740&quot;:257}\">\u00a0<\/span><span data-ccp-props=\"{&quot;201341983&quot;:0,&quot;335559739&quot;:160,&quot;335559740&quot;:257}\">\u00a0<\/span><\/p><p><span data-ccp-props=\"{&quot;201341983&quot;:0,&quot;335559739&quot;:160,&quot;335559740&quot;:257}\">\u00a0<\/span><\/p><p><span data-contrast=\"auto\">NAPA, Nordens Institut i Gr\u00f8nland har designet et sp\u00f8rgeskema, der fokuserer p\u00e5 de kulturelle og kreative erhverv i Gr\u00f8nland. Vi opfordrer alle kreative personer og virksomheder til at deltage og give deres input. Vi h\u00e5ber, at rigtig mange kreative vil besvare sp\u00f8rgsm\u00e5lene, s\u00e5 vi opn\u00e5r et st\u00e6rkt vidensgrundlag. Et st\u00e6rkt vidensgrundlag er foruds\u00e6tningen for at lave tilbud, der skaber karrieremuligheder og forretningsmuligheder for landets kreative.<\/span><span data-ccp-props=\"{&quot;201341983&quot;:0,&quot;335559739&quot;:160,&quot;335559740&quot;:257}\">\u00a0<\/span><\/p><p><span data-ccp-props=\"{&quot;201341983&quot;:0,&quot;335559739&quot;:160,&quot;335559740&quot;:257}\">\u00a0<\/span><\/p><p><span data-contrast=\"auto\">M\u00e5lgruppen for analysen er til alle kreative, uanset om de er enkeltpersoner eller kreative virksomheder, og uanset om de prim\u00e6rt arbejder inden for det kreative erhverv eller har det som et sideerhverv. Eller om man blot dr\u00f8mmer om at bruge sine kreative evner i fremtiden.<\/span><span data-ccp-props=\"{&quot;201341983&quot;:0,&quot;335559739&quot;:160,&quot;335559740&quot;:257}\">\u00a0<\/span><\/p><p><span data-ccp-props=\"{&quot;201341983&quot;:0,&quot;335559739&quot;:160,&quot;335559740&quot;:257}\">\u00a0<\/span><\/p><p><span data-contrast=\"auto\">Man kan svare p\u00e5 gr\u00f8nlandsk, engelsk eller dansk. <\/span><span data-ccp-props=\"{&quot;201341983&quot;:0,&quot;335559739&quot;:160,&quot;335559740&quot;:257}\">\u00a0<\/span><\/p><p><span data-ccp-props=\"{&quot;201341983&quot;:0,&quot;335559739&quot;:160,&quot;335559740&quot;:257}\">\u00a0<\/span><\/p><p><span data-contrast=\"auto\">Vi tr\u00e6kker lod om et gavekort til Air Greenland p\u00e5 4.000 kroner blandt alle deltagere.\u00a0<\/span><span data-ccp-props=\"{&quot;201341983&quot;:0,&quot;335559739&quot;:160,&quot;335559740&quot;:257}\">\u00a0<\/span><\/p><p>\u00a0<\/p>\t\t\t\t\t\t\t\t<\/div>\n\t\t\t\t<\/div>\n\t\t\t\t\t<\/div>\n\t\t<\/div>\n\t\t\t\t\t<\/div>\n\t\t<\/section>\n\t\t\t\t<section class=\"elementor-section elementor-top-section elementor-element elementor-element-4318c310 elementor-section-boxed elementor-section-height-default elementor-section-height-default parallax_section_no qode_elementor_container_no\" data-id=\"4318c310\" data-element_type=\"section\" data-e-type=\"section\">\n\t\t\t\t\t\t<div class=\"elementor-container elementor-column-gap-default\">\n\t\t\t\t\t<div class=\"elementor-column elementor-col-100 elementor-top-column elementor-element elementor-element-4b9fa314\" data-id=\"4b9fa314\" data-element_type=\"column\" data-e-type=\"column\">\n\t\t\t<div class=\"elementor-widget-wrap elementor-element-populated\">\n\t\t\t\t\t\t<div class=\"elementor-element elementor-element-2181a95 elementor-widget elementor-widget-heading\" data-id=\"2181a95\" data-element_type=\"widget\" data-e-type=\"widget\" data-widget_type=\"heading.default\">\n\t\t\t\t<div class=\"elementor-widget-container\">\n\t\t\t\t\t<h5 class=\"elementor-heading-title elementor-size-default\">Andre projekter<\/h5>\t\t\t\t<\/div>\n\t\t\t\t<\/div>\n\t\t\t\t<div class=\"elementor-element elementor-element-77d709f6 elementor-grid-4 elementor-grid-tablet-2 elementor-grid-mobile-1 elementor-posts--thumbnail-top elementor-widget elementor-widget-posts\" data-id=\"77d709f6\" data-element_type=\"widget\" data-e-type=\"widget\" data-settings=\"{&quot;classic_columns&quot;:&quot;4&quot;,&quot;classic_columns_tablet&quot;:&quot;2&quot;,&quot;classic_columns_mobile&quot;:&quot;1&quot;,&quot;classic_row_gap&quot;:{&quot;unit&quot;:&quot;px&quot;,&quot;size&quot;:35,&quot;sizes&quot;:[]},&quot;classic_row_gap_tablet&quot;:{&quot;unit&quot;:&quot;px&quot;,&quot;size&quot;:&quot;&quot;,&quot;sizes&quot;:[]},&quot;classic_row_gap_mobile&quot;:{&quot;unit&quot;:&quot;px&quot;,&quot;size&quot;:&quot;&quot;,&quot;sizes&quot;:[]}}\" data-widget_type=\"posts.classic\">\n\t\t\t\t<div class=\"elementor-widget-container\">\n\t\t\t\t\t\t\t<div class=\"elementor-posts-container elementor-posts elementor-posts--skin-classic elementor-grid\" role=\"list\">\n\t\t\t\t<article class=\"elementor-post elementor-grid-item post-21577 post type-post status-publish format-standard has-post-thumbnail hentry category-stoettede-projekter category-kultur category-musik category-nyt\" role=\"listitem\">\n\t\t\t\t<a class=\"elementor-post__thumbnail__link\" href=\"https:\/\/napa.gl\/da\/nordic-remix-digitalt-musiksamarbejde\/\" tabindex=\"-1\">\n\t\t\t<div class=\"elementor-post__thumbnail\"><img loading=\"lazy\" decoding=\"async\" width=\"300\" height=\"119\" src=\"https:\/\/napa.gl\/wp-content\/uploads\/2021\/04\/Nordic-Remix-300x119.png\" class=\"attachment-medium size-medium wp-image-21575\" alt=\"\u00ceVA live on stage - from the Nordic Remix case video\" srcset=\"https:\/\/napa.gl\/wp-content\/uploads\/2021\/04\/Nordic-Remix-300x119.png 300w, https:\/\/napa.gl\/wp-content\/uploads\/2021\/04\/Nordic-Remix-1024x408.png 1024w, https:\/\/napa.gl\/wp-content\/uploads\/2021\/04\/Nordic-Remix-768x306.png 768w, https:\/\/napa.gl\/wp-content\/uploads\/2021\/04\/Nordic-Remix-1536x611.png 1536w, https:\/\/napa.gl\/wp-content\/uploads\/2021\/04\/Nordic-Remix-2048x815.png 2048w, https:\/\/napa.gl\/wp-content\/uploads\/2021\/04\/Nordic-Remix-700x279.png 700w\" sizes=\"auto, (max-width: 300px) 100vw, 300px\" \/><\/div>\n\t\t<\/a>\n\t\t\t\t<div class=\"elementor-post__text\">\n\t\t\t\t<h5 class=\"elementor-post__title\">\n\t\t\t<a href=\"https:\/\/napa.gl\/da\/nordic-remix-digitalt-musiksamarbejde\/\">\n\t\t\t\t&#8220;Nordic Remix&#8221; &#8211; et digitalt musiksamarbejde\t\t\t<\/a>\n\t\t<\/h5>\n\t\t\t\t<div class=\"elementor-post__excerpt\">\n\t\t\t<p>Musikalsk storytelling, nordiske medvirkende og samarbejde p\u00e5 tv\u00e6rs af kulturer, musikaliteter og landegr\u00e6nser. &#8220;Nordic Remix&#8221;-projektet har modtaget st\u00f8tte fra NAPAs Kulturst\u00f8tteprogram. Bag initiativet st\u00e5r mediekollektivet Are We Europe og de har lavet en video om projektet &#8211; se den her Fra projektbeskrivelsen: &#8220;Med projektet &#8220;Nordic<\/p>\n\t\t<\/div>\n\t\t\n\t\t<a class=\"elementor-post__read-more\" href=\"https:\/\/napa.gl\/da\/nordic-remix-digitalt-musiksamarbejde\/\" aria-label=\"Read more about &#8220;Nordic Remix&#8221; &#8211; et digitalt musiksamarbejde\" tabindex=\"-1\">\n\t\t\tL\u00e6s mere \u00bb\t\t<\/a>\n\n\t\t\t\t<\/div>\n\t\t\t\t<\/article>\n\t\t\t\t<article class=\"elementor-post elementor-grid-item post-40088 post type-post status-publish format-standard has-post-thumbnail hentry category-nyt\" role=\"listitem\">\n\t\t\t\t<a class=\"elementor-post__thumbnail__link\" href=\"https:\/\/napa.gl\/da\/vi-markerer-40-aaret-for-aftalen-om-et-groenlandsk-nordisk-institut\/\" tabindex=\"-1\">\n\t\t\t<div class=\"elementor-post__thumbnail\"><img loading=\"lazy\" decoding=\"async\" width=\"300\" height=\"134\" src=\"https:\/\/napa.gl\/wp-content\/uploads\/2025\/12\/nmrhjemmestyre1985-300x134.jpg\" class=\"attachment-medium size-medium wp-image-40089\" alt=\"\" srcset=\"https:\/\/napa.gl\/wp-content\/uploads\/2025\/12\/nmrhjemmestyre1985-300x134.jpg 300w, https:\/\/napa.gl\/wp-content\/uploads\/2025\/12\/nmrhjemmestyre1985.jpg 518w\" sizes=\"auto, (max-width: 300px) 100vw, 300px\" \/><\/div>\n\t\t<\/a>\n\t\t\t\t<div class=\"elementor-post__text\">\n\t\t\t\t<h5 class=\"elementor-post__title\">\n\t\t\t<a href=\"https:\/\/napa.gl\/da\/vi-markerer-40-aaret-for-aftalen-om-et-groenlandsk-nordisk-institut\/\">\n\t\t\t\tVi markerer 40-\u00e5ret for aftalen om et gr\u00f8nlandsk-nordisk institut\t\t\t<\/a>\n\t\t<\/h5>\n\t\t\t\t<div class=\"elementor-post__excerpt\">\n\t\t\t<p>I dag er det 40 \u00e5r siden, at Gr\u00f8nlands Hjemmestyre og Nordisk Ministerr\u00e5d blev enige om, at der skulle oprettes et Gr\u00f8nlandsk-Nordisk Institut. Den 11.december 1985 underskrev nemlig dav\u00e6rende formand for Nordisk Ministerr\u00e5d, Bertel Haarder og dav\u00e6rende Landsstyremedlem for Kultur, Kirke og Undervisning, Stephen Heilmann<\/p>\n\t\t<\/div>\n\t\t\n\t\t<a class=\"elementor-post__read-more\" href=\"https:\/\/napa.gl\/da\/vi-markerer-40-aaret-for-aftalen-om-et-groenlandsk-nordisk-institut\/\" aria-label=\"Read more about Vi markerer 40-\u00e5ret for aftalen om et gr\u00f8nlandsk-nordisk institut\" tabindex=\"-1\">\n\t\t\tL\u00e6s mere \u00bb\t\t<\/a>\n\n\t\t\t\t<\/div>\n\t\t\t\t<\/article>\n\t\t\t\t<article class=\"elementor-post elementor-grid-item post-38679 post type-post status-publish format-standard has-post-thumbnail hentry category-nyt category-stoette category-stoettede-projekter\" role=\"listitem\">\n\t\t\t\t<a class=\"elementor-post__thumbnail__link\" href=\"https:\/\/napa.gl\/da\/nordisk-samarbejde-i-sisimiut-napa-stoetter-arctic-sounds-festival\/\" tabindex=\"-1\">\n\t\t\t<div class=\"elementor-post__thumbnail\"><img loading=\"lazy\" decoding=\"async\" width=\"300\" height=\"200\" src=\"https:\/\/napa.gl\/wp-content\/uploads\/2020\/12\/LRM_EXPORT_46429128787857_20191011_014716111-300x200.jpeg\" class=\"attachment-medium size-medium wp-image-17740\" alt=\"\" srcset=\"https:\/\/napa.gl\/wp-content\/uploads\/2020\/12\/LRM_EXPORT_46429128787857_20191011_014716111-300x200.jpeg 300w, https:\/\/napa.gl\/wp-content\/uploads\/2020\/12\/LRM_EXPORT_46429128787857_20191011_014716111-1024x683.jpeg 1024w, https:\/\/napa.gl\/wp-content\/uploads\/2020\/12\/LRM_EXPORT_46429128787857_20191011_014716111-768x512.jpeg 768w, https:\/\/napa.gl\/wp-content\/uploads\/2020\/12\/LRM_EXPORT_46429128787857_20191011_014716111-1536x1024.jpeg 1536w, https:\/\/napa.gl\/wp-content\/uploads\/2020\/12\/LRM_EXPORT_46429128787857_20191011_014716111-2048x1365.jpeg 2048w, https:\/\/napa.gl\/wp-content\/uploads\/2020\/12\/LRM_EXPORT_46429128787857_20191011_014716111-700x467.jpeg 700w\" sizes=\"auto, (max-width: 300px) 100vw, 300px\" \/><\/div>\n\t\t<\/a>\n\t\t\t\t<div class=\"elementor-post__text\">\n\t\t\t\t<h5 class=\"elementor-post__title\">\n\t\t\t<a href=\"https:\/\/napa.gl\/da\/nordisk-samarbejde-i-sisimiut-napa-stoetter-arctic-sounds-festival\/\">\n\t\t\t\tNordisk samarbejde i Sisimiut: NAPA st\u00f8tter Arctic Sounds Festival!\t\t\t<\/a>\n\t\t<\/h5>\n\t\t\t\t<div class=\"elementor-post__excerpt\">\n\t\t\t<p>Arctic Sounds er en \u00e5rlig musikfestival i Sisimiut, der viser kunstnere fra Gr\u00f8nland, Norden, Arktis og andre dele af verden. Festivalugen er fyldt med musik, events, workshops og andre aktiviteter \u2013 herunder NAPAs eget arrangement \u2013 \u200b\u200bi Sisimiut og dets betagende landskaber. Festivalen bygger bro<\/p>\n\t\t<\/div>\n\t\t\n\t\t<a class=\"elementor-post__read-more\" href=\"https:\/\/napa.gl\/da\/nordisk-samarbejde-i-sisimiut-napa-stoetter-arctic-sounds-festival\/\" aria-label=\"Read more about Nordisk samarbejde i Sisimiut: NAPA st\u00f8tter Arctic Sounds Festival!\" tabindex=\"-1\">\n\t\t\tL\u00e6s mere \u00bb\t\t<\/a>\n\n\t\t\t\t<\/div>\n\t\t\t\t<\/article>\n\t\t\t\t<article class=\"elementor-post elementor-grid-item post-35885 post type-post status-publish format-standard has-post-thumbnail hentry category-ansatte-2 category-atorfiit-inuttarsassiuutat-2 category-nutaarsiassat\" role=\"listitem\">\n\t\t\t\t<a class=\"elementor-post__thumbnail__link\" href=\"https:\/\/napa.gl\/da\/napa-nordens-institut-i-groenland-soeger-raadgiver\/\" tabindex=\"-1\">\n\t\t\t<div class=\"elementor-post__thumbnail\"><img loading=\"lazy\" decoding=\"async\" width=\"300\" height=\"199\" src=\"https:\/\/napa.gl\/wp-content\/uploads\/2024\/04\/inuitfigurer-af-liss-stender-1600px-300x199.jpg\" class=\"attachment-medium size-medium wp-image-35114\" alt=\"\" srcset=\"https:\/\/napa.gl\/wp-content\/uploads\/2024\/04\/inuitfigurer-af-liss-stender-1600px-300x199.jpg 300w, https:\/\/napa.gl\/wp-content\/uploads\/2024\/04\/inuitfigurer-af-liss-stender-1600px-1024x680.jpg 1024w, https:\/\/napa.gl\/wp-content\/uploads\/2024\/04\/inuitfigurer-af-liss-stender-1600px-768x510.jpg 768w, https:\/\/napa.gl\/wp-content\/uploads\/2024\/04\/inuitfigurer-af-liss-stender-1600px-1536x1020.jpg 1536w, https:\/\/napa.gl\/wp-content\/uploads\/2024\/04\/inuitfigurer-af-liss-stender-1600px-700x465.jpg 700w, https:\/\/napa.gl\/wp-content\/uploads\/2024\/04\/inuitfigurer-af-liss-stender-1600px.jpg 1600w\" sizes=\"auto, (max-width: 300px) 100vw, 300px\" \/><\/div>\n\t\t<\/a>\n\t\t\t\t<div class=\"elementor-post__text\">\n\t\t\t\t<h5 class=\"elementor-post__title\">\n\t\t\t<a href=\"https:\/\/napa.gl\/da\/napa-nordens-institut-i-groenland-soeger-raadgiver\/\">\n\t\t\t\tNAPA, Nordens Institut i Gr\u00f8nland s\u00f8ger r\u00e5dgiver\t\t\t<\/a>\n\t\t<\/h5>\n\t\t\t\t<div class=\"elementor-post__excerpt\">\n\t\t\t<p>Har du lyst til at arbejde med et flerkulturelt nordisk og arktisk f\u00e6llesskab? Vi er en lille, nordisk institution under Nordisk Ministerr\u00e5d med entusiastiske medarbejdere, som gerne vil have en kollega! Vores vigtigste opgave er at s\u00f8rge for, at arktiske perspektiver bliver set og anerkendt<\/p>\n\t\t<\/div>\n\t\t\n\t\t<a class=\"elementor-post__read-more\" href=\"https:\/\/napa.gl\/da\/napa-nordens-institut-i-groenland-soeger-raadgiver\/\" aria-label=\"Read more about NAPA, Nordens Institut i Gr\u00f8nland s\u00f8ger r\u00e5dgiver\" tabindex=\"-1\">\n\t\t\tL\u00e6s mere \u00bb\t\t<\/a>\n\n\t\t\t\t<\/div>\n\t\t\t\t<\/article>\n\t\t\t\t<\/div>\n\t\t\n\t\t\t\t\t\t<\/div>\n\t\t\t\t<\/div>\n\t\t\t\t\t<\/div>\n\t\t<\/div>\n\t\t\t\t\t<\/div>\n\t\t<\/section>\n\t\t\t\t<\/div>\n\t\t","protected":false},"excerpt":{"rendered":"<p>De kulturelle og kreative erhverv skal kortl\u00e6gges, s\u00e5 vi kan fremme udvikling &#8211; NAPA analyserer de kulturelle og kreative erhverv i Gr\u00f8nland (Unders\u00f8gelsen er lukket) Kreativitet er Gr\u00f8nlands vigtigste ressource. Men vi har meget lidt viden om de kreative og kulturelle erhverv. For at blive&#8230;<\/p>\n","protected":false},"author":24,"featured_media":35117,"parent":18385,"menu_order":0,"comment_status":"closed","ping_status":"closed","template":"","meta":{"footnotes":""},"categories":[],"class_list":["post-34706","page","type-page","status-publish","has-post-thumbnail","hentry"],"_links":{"self":[{"href":"https:\/\/napa.gl\/da\/wp-json\/wp\/v2\/pages\/34706","targetHints":{"allow":["GET"]}}],"collection":[{"href":"https:\/\/napa.gl\/da\/wp-json\/wp\/v2\/pages"}],"about":[{"href":"https:\/\/napa.gl\/da\/wp-json\/wp\/v2\/types\/page"}],"author":[{"embeddable":true,"href":"https:\/\/napa.gl\/da\/wp-json\/wp\/v2\/users\/24"}],"replies":[{"embeddable":true,"href":"https:\/\/napa.gl\/da\/wp-json\/wp\/v2\/comments?post=34706"}],"version-history":[{"count":37,"href":"https:\/\/napa.gl\/da\/wp-json\/wp\/v2\/pages\/34706\/revisions"}],"predecessor-version":[{"id":36244,"href":"https:\/\/napa.gl\/da\/wp-json\/wp\/v2\/pages\/34706\/revisions\/36244"}],"up":[{"embeddable":true,"href":"https:\/\/napa.gl\/da\/wp-json\/wp\/v2\/pages\/18385"}],"wp:featuredmedia":[{"embeddable":true,"href":"https:\/\/napa.gl\/da\/wp-json\/wp\/v2\/media\/35117"}],"wp:attachment":[{"href":"https:\/\/napa.gl\/da\/wp-json\/wp\/v2\/media?parent=34706"}],"wp:term":[{"taxonomy":"category","embeddable":true,"href":"https:\/\/napa.gl\/da\/wp-json\/wp\/v2\/categories?post=34706"}],"curies":[{"name":"wp","href":"https:\/\/api.w.org\/{rel}","templated":true}]}}