{"id":34120,"date":"2023-12-19T13:45:37","date_gmt":"2023-12-19T15:45:37","guid":{"rendered":"https:\/\/napa.gl\/?page_id=34120"},"modified":"2023-12-19T13:54:31","modified_gmt":"2023-12-19T15:54:31","slug":"unges-innovation-i-kulturlivet","status":"publish","type":"page","link":"https:\/\/napa.gl\/da\/aktiviteter\/unges-innovation-i-kulturlivet\/","title":{"rendered":"Unges innovation i kulturlivet"},"content":{"rendered":"\t\t<div data-elementor-type=\"wp-page\" data-elementor-id=\"34120\" class=\"elementor elementor-34120\" data-elementor-post-type=\"page\">\n\t\t\t\t\t\t<section class=\"elementor-section elementor-top-section elementor-element elementor-element-16b85340 elementor-reverse-mobile elementor-section-boxed elementor-section-height-default elementor-section-height-default parallax_section_no qode_elementor_container_no\" data-id=\"16b85340\" data-element_type=\"section\" data-e-type=\"section\">\n\t\t\t\t\t\t<div class=\"elementor-container elementor-column-gap-default\">\n\t\t\t\t\t<div class=\"elementor-column elementor-col-100 elementor-top-column elementor-element elementor-element-639af840\" data-id=\"639af840\" data-element_type=\"column\" data-e-type=\"column\">\n\t\t\t<div class=\"elementor-widget-wrap elementor-element-populated\">\n\t\t\t\t\t\t<div class=\"elementor-element elementor-element-b076c62 elementor-widget elementor-widget-image\" data-id=\"b076c62\" data-element_type=\"widget\" data-e-type=\"widget\" data-widget_type=\"image.default\">\n\t\t\t\t<div class=\"elementor-widget-container\">\n\t\t\t\t\t\t\t\t\t\t\t\t\t\t\t<img loading=\"lazy\" decoding=\"async\" width=\"1024\" height=\"484\" src=\"https:\/\/napa.gl\/wp-content\/uploads\/2023\/12\/Billede2-1024x484.png\" class=\"attachment-large size-large wp-image-34121\" alt=\"\" srcset=\"https:\/\/napa.gl\/wp-content\/uploads\/2023\/12\/Billede2-1024x484.png 1024w, https:\/\/napa.gl\/wp-content\/uploads\/2023\/12\/Billede2-300x142.png 300w, https:\/\/napa.gl\/wp-content\/uploads\/2023\/12\/Billede2-768x363.png 768w, https:\/\/napa.gl\/wp-content\/uploads\/2023\/12\/Billede2-1536x726.png 1536w, https:\/\/napa.gl\/wp-content\/uploads\/2023\/12\/Billede2-700x331.png 700w, https:\/\/napa.gl\/wp-content\/uploads\/2023\/12\/Billede2.png 2034w\" sizes=\"auto, (max-width: 1024px) 100vw, 1024px\" \/>\t\t\t\t\t\t\t\t\t\t\t\t\t\t\t<\/div>\n\t\t\t\t<\/div>\n\t\t\t\t\t<\/div>\n\t\t<\/div>\n\t\t\t\t\t<\/div>\n\t\t<\/section>\n\t\t\t\t<section class=\"elementor-section elementor-top-section elementor-element elementor-element-475c8938 elementor-reverse-mobile elementor-section-boxed elementor-section-height-default elementor-section-height-default parallax_section_no qode_elementor_container_no\" data-id=\"475c8938\" data-element_type=\"section\" data-e-type=\"section\">\n\t\t\t\t\t\t<div class=\"elementor-container elementor-column-gap-default\">\n\t\t\t\t\t<div class=\"elementor-column elementor-col-50 elementor-top-column elementor-element elementor-element-77a58f35\" data-id=\"77a58f35\" data-element_type=\"column\" data-e-type=\"column\">\n\t\t\t<div class=\"elementor-widget-wrap elementor-element-populated\">\n\t\t\t\t\t\t<div class=\"elementor-element elementor-element-a45f988 elementor-widget elementor-widget-text-editor\" data-id=\"a45f988\" data-element_type=\"widget\" data-e-type=\"widget\" data-widget_type=\"text-editor.default\">\n\t\t\t\t<div class=\"elementor-widget-container\">\n\t\t\t\t\t\t\t\t\t<p><span class=\"TextRun SCXW72573204 BCX0\" lang=\"DA-DK\" style=\"user-select: text; -webkit-user-drag: none; -webkit-tap-highlight-color: transparent; white-space-collapse: preserve; background-color: #ffffff; font-size: 11pt; font-style: italic; line-height: 19.425px; font-family: Calibri, Calibri_EmbeddedFont, Calibri_MSFontService, sans-serif; font-variant-ligatures: none !important;\" xml:lang=\"DA-DK\" data-contrast=\"auto\"><span class=\"NormalTextRun SCXW72573204 BCX0\" style=\"user-select: text; -webkit-user-drag: none; -webkit-tap-highlight-color: transparent;\">Billede: Det blev <\/span><span class=\"NormalTextRun SpellingErrorV2Themed SCXW72573204 BCX0\" style=\"user-select: text; -webkit-user-drag: none; -webkit-tap-highlight-color: transparent; background-repeat: repeat-x; background-position: left bottom; background-image: var(--urlSpellingErrorV2, ); border-bottom: 1px solid transparent;\">Gamm<\/span><span class=\"NormalTextRun SpellingErrorV2Themed SCXW72573204 BCX0\" style=\"user-select: text; -webkit-user-drag: none; -webkit-tap-highlight-color: transparent; background-repeat: repeat-x; background-position: left bottom; background-image: var(--urlSpellingErrorV2, ); border-bottom: 1px solid transparent;\">eq<\/span><span class=\"NormalTextRun SpellingErrorV2Themed SCXW72573204 BCX0\" style=\"user-select: text; -webkit-user-drag: none; -webkit-tap-highlight-color: transparent; background-repeat: repeat-x; background-position: left bottom; background-image: var(--urlSpellingErrorV2, ); border-bottom: 1px solid transparent;\">a<\/span><span class=\"NormalTextRun SpellingErrorV2Themed SCXW72573204 BCX0\" style=\"user-select: text; -webkit-user-drag: none; -webkit-tap-highlight-color: transparent; background-repeat: repeat-x; background-position: left bottom; background-image: var(--urlSpellingErrorV2, ); border-bottom: 1px solid transparent;\">r<\/span><span class=\"NormalTextRun SpellingErrorV2Themed SCXW72573204 BCX0\" style=\"user-select: text; -webkit-user-drag: none; -webkit-tap-highlight-color: transparent; background-repeat: repeat-x; background-position: left bottom; background-image: var(--urlSpellingErrorV2, ); border-bottom: 1px solid transparent;\">fik<\/span><span class=\"NormalTextRun SCXW72573204 BCX0\" style=\"user-select: text; -webkit-user-drag: none; -webkit-tap-highlight-color: transparent;\"> Skole i Aasiaat, der l\u00f8b med b\u00e5de konkurrencens hovedpr\u00e6mie og med <\/span><span class=\"NormalTextRun SpellingErrorV2Themed SCXW72573204 BCX0\" style=\"user-select: text; -webkit-user-drag: none; -webkit-tap-highlight-color: transparent; background-repeat: repeat-x; background-position: left bottom; background-image: var(--urlSpellingErrorV2, ); border-bottom: 1px solid transparent;\">NAPAs<\/span><span class=\"NormalTextRun SCXW72573204 BCX0\" style=\"user-select: text; -webkit-user-drag: none; -webkit-tap-highlight-color: transparent;\"> s\u00e6rpris for den mest innovative kulturid\u00e9. Det sikrer dem et bidrag til klassekassen. Ideen var et originalt br\u00e6tspil baseret p\u00e5 gr\u00f8nlandsk kulturarv.\u00a0<\/span><\/span><span class=\"EOP SCXW72573204 BCX0\" style=\"user-select: text; -webkit-user-drag: none; -webkit-tap-highlight-color: transparent; white-space-collapse: preserve; background-color: #ffffff; font-size: 11pt; line-height: 19.425px; font-family: Calibri, Calibri_EmbeddedFont, Calibri_MSFontService, sans-serif;\" data-ccp-props=\"{&quot;201341983&quot;:0,&quot;335559739&quot;:160,&quot;335559740&quot;:259}\">\u00a0<\/span><\/p>\t\t\t\t\t\t\t\t<\/div>\n\t\t\t\t<\/div>\n\t\t\t\t\t<\/div>\n\t\t<\/div>\n\t\t\t\t<div class=\"elementor-column elementor-col-50 elementor-top-column elementor-element elementor-element-e24a271\" data-id=\"e24a271\" data-element_type=\"column\" data-e-type=\"column\">\n\t\t\t<div class=\"elementor-widget-wrap elementor-element-populated\">\n\t\t\t\t\t\t<div class=\"elementor-element elementor-element-6871eb21 elementor-widget-divider--separator-type-pattern elementor-widget-divider--view-line elementor-widget elementor-widget-divider\" data-id=\"6871eb21\" data-element_type=\"widget\" data-e-type=\"widget\" data-widget_type=\"divider.default\">\n\t\t\t\t<div class=\"elementor-widget-container\">\n\t\t\t\t\t\t\t<div class=\"elementor-divider\" style=\"--divider-pattern-url: url(&quot;data:image\/svg+xml,%3Csvg xmlns=&#039;http:\/\/www.w3.org\/2000\/svg&#039; preserveAspectRatio=&#039;none&#039; overflow=&#039;visible&#039; height=&#039;100%&#039; viewBox=&#039;0 0 20 16&#039; fill=&#039;none&#039; stroke=&#039;black&#039; stroke-width=&#039;2.2&#039; stroke-linecap=&#039;square&#039; stroke-miterlimit=&#039;10&#039;%3E%3Cg transform=&#039;translate(-12.000000, 0)&#039;%3E%3Cpath d=&#039;M28,0L10,18&#039;\/%3E%3Cpath d=&#039;M18,0L0,18&#039;\/%3E%3Cpath d=&#039;M48,0L30,18&#039;\/%3E%3Cpath d=&#039;M38,0L20,18&#039;\/%3E%3C\/g%3E%3C\/svg%3E&quot;);\">\n\t\t\t<span class=\"elementor-divider-separator\">\n\t\t\t\t\t\t<\/span>\n\t\t<\/div>\n\t\t\t\t\t\t<\/div>\n\t\t\t\t<\/div>\n\t\t\t\t<div class=\"elementor-element elementor-element-44b2132e elementor-widget elementor-widget-heading\" data-id=\"44b2132e\" data-element_type=\"widget\" data-e-type=\"widget\" data-widget_type=\"heading.default\">\n\t\t\t\t<div class=\"elementor-widget-container\">\n\t\t\t\t\t<h2 class=\"elementor-heading-title elementor-size-default\">Unges innovation i kulturlivet<\/h2>\t\t\t\t<\/div>\n\t\t\t\t<\/div>\n\t\t\t\t\t<\/div>\n\t\t<\/div>\n\t\t\t\t\t<\/div>\n\t\t<\/section>\n\t\t\t\t<section class=\"elementor-section elementor-top-section elementor-element elementor-element-d154837 elementor-section-boxed elementor-section-height-default elementor-section-height-default parallax_section_no qode_elementor_container_no\" data-id=\"d154837\" data-element_type=\"section\" data-e-type=\"section\">\n\t\t\t\t\t\t<div class=\"elementor-container elementor-column-gap-default\">\n\t\t\t\t\t<div class=\"elementor-column elementor-col-100 elementor-top-column elementor-element elementor-element-e4e667c\" data-id=\"e4e667c\" data-element_type=\"column\" data-e-type=\"column\">\n\t\t\t<div class=\"elementor-widget-wrap elementor-element-populated\">\n\t\t\t\t\t\t<div class=\"elementor-element elementor-element-1bdd00ed elementor-widget elementor-widget-text-editor\" data-id=\"1bdd00ed\" data-element_type=\"widget\" data-e-type=\"widget\" data-widget_type=\"text-editor.default\">\n\t\t\t\t<div class=\"elementor-widget-container\">\n\t\t\t\t\t\t\t\t\t<p><span data-contrast=\"auto\">NAPA st\u00f8tter social, kulturel og \u00f8konomisk b\u00e6redygtighed i kulturlivet. Vi har et s\u00e6rligt fokus p\u00e5 b\u00f8rn og unge. Derfor har NAPA samarbejdet med Fonden for Entrepren\u00f8rskab om et forl\u00f8b, hvor alle skoleklasser i 8. \u2013 10. klasse arbejder med innovation.\u00a0<\/span><span data-ccp-props=\"{&quot;201341983&quot;:0,&quot;335559739&quot;:160,&quot;335559740&quot;:259}\">\u00a0<\/span><\/p><p><span data-contrast=\"auto\">NAPA og Fonden for Entrepren\u00f8rskab udviklede sammen undervisningsmaterialet NEXT LEVEL \u2013 Kultur og Sprog, der var en drejebog for at bruge kultur og sprog til at skabe kulturel og \u00f8konomisk v\u00e6rdi.\u00a0<\/span><span data-ccp-props=\"{&quot;201341983&quot;:0,&quot;335559739&quot;:160,&quot;335559740&quot;:259}\">\u00a0<\/span><\/p><p><span data-contrast=\"auto\">I november 2023 var der en stor finalebegivenhed i Ilulissat, hvor et hold fra hver af de gr\u00f8nlandske skoler konkurrerede om at pr\u00e6sentere de bedste ideer.\u00a0<\/span><span data-ccp-props=\"{&quot;201341983&quot;:0,&quot;335559739&quot;:160,&quot;335559740&quot;:259}\">\u00a0<\/span><\/p>\t\t\t\t\t\t\t\t<\/div>\n\t\t\t\t<\/div>\n\t\t\t\t\t<\/div>\n\t\t<\/div>\n\t\t\t\t\t<\/div>\n\t\t<\/section>\n\t\t\t\t<section class=\"elementor-section elementor-top-section elementor-element elementor-element-439bf7dc elementor-section-boxed elementor-section-height-default elementor-section-height-default parallax_section_no qode_elementor_container_no\" data-id=\"439bf7dc\" data-element_type=\"section\" data-e-type=\"section\">\n\t\t\t\t\t\t<div class=\"elementor-container elementor-column-gap-default\">\n\t\t\t\t\t<div class=\"elementor-column elementor-col-100 elementor-top-column elementor-element elementor-element-652552b5\" data-id=\"652552b5\" data-element_type=\"column\" data-e-type=\"column\">\n\t\t\t<div class=\"elementor-widget-wrap elementor-element-populated\">\n\t\t\t\t\t\t<div class=\"elementor-element elementor-element-476963b5 elementor-widget elementor-widget-heading\" data-id=\"476963b5\" data-element_type=\"widget\" data-e-type=\"widget\" data-widget_type=\"heading.default\">\n\t\t\t\t<div class=\"elementor-widget-container\">\n\t\t\t\t\t<h5 class=\"elementor-heading-title elementor-size-default\">Andre projekter<\/h5>\t\t\t\t<\/div>\n\t\t\t\t<\/div>\n\t\t\t\t<div class=\"elementor-element elementor-element-478c98f4 elementor-grid-4 elementor-grid-tablet-2 elementor-grid-mobile-1 elementor-posts--thumbnail-top elementor-widget elementor-widget-posts\" data-id=\"478c98f4\" data-element_type=\"widget\" data-e-type=\"widget\" data-settings=\"{&quot;classic_columns&quot;:&quot;4&quot;,&quot;classic_columns_tablet&quot;:&quot;2&quot;,&quot;classic_columns_mobile&quot;:&quot;1&quot;,&quot;classic_row_gap&quot;:{&quot;unit&quot;:&quot;px&quot;,&quot;size&quot;:35,&quot;sizes&quot;:[]},&quot;classic_row_gap_tablet&quot;:{&quot;unit&quot;:&quot;px&quot;,&quot;size&quot;:&quot;&quot;,&quot;sizes&quot;:[]},&quot;classic_row_gap_mobile&quot;:{&quot;unit&quot;:&quot;px&quot;,&quot;size&quot;:&quot;&quot;,&quot;sizes&quot;:[]}}\" data-widget_type=\"posts.classic\">\n\t\t\t\t<div class=\"elementor-widget-container\">\n\t\t\t\t\t\t\t<div class=\"elementor-posts-container elementor-posts elementor-posts--skin-classic elementor-grid\" role=\"list\">\n\t\t\t\t<article class=\"elementor-post elementor-grid-item post-38606 post type-post status-publish format-standard has-post-thumbnail hentry category-nordens-arktis-program category-nordic-arcticprogramme category-nyt category-stoettede-projekter\" role=\"listitem\">\n\t\t\t\t<a class=\"elementor-post__thumbnail__link\" href=\"https:\/\/napa.gl\/da\/et-resilient-arktis-starter-med-en-resilient-digital-infrastruktur\/\" tabindex=\"-1\">\n\t\t\t<div class=\"elementor-post__thumbnail\"><img loading=\"lazy\" decoding=\"async\" width=\"300\" height=\"200\" src=\"https:\/\/napa.gl\/wp-content\/uploads\/2025\/04\/SigneR-300x200.jpg\" class=\"attachment-medium size-medium wp-image-38671\" alt=\"\" srcset=\"https:\/\/napa.gl\/wp-content\/uploads\/2025\/04\/SigneR-300x200.jpg 300w, https:\/\/napa.gl\/wp-content\/uploads\/2025\/04\/SigneR-1024x683.jpg 1024w, https:\/\/napa.gl\/wp-content\/uploads\/2025\/04\/SigneR-768x512.jpg 768w, https:\/\/napa.gl\/wp-content\/uploads\/2025\/04\/SigneR-1536x1024.jpg 1536w, https:\/\/napa.gl\/wp-content\/uploads\/2025\/04\/SigneR-2048x1365.jpg 2048w, https:\/\/napa.gl\/wp-content\/uploads\/2025\/04\/SigneR-700x467.jpg 700w\" sizes=\"auto, (max-width: 300px) 100vw, 300px\" \/><\/div>\n\t\t<\/a>\n\t\t\t\t<div class=\"elementor-post__text\">\n\t\t\t\t<h5 class=\"elementor-post__title\">\n\t\t\t<a href=\"https:\/\/napa.gl\/da\/et-resilient-arktis-starter-med-en-resilient-digital-infrastruktur\/\">\n\t\t\t\tEt resilient Arktis starter med en resilient digital infrastruktur\t\t\t<\/a>\n\t\t<\/h5>\n\t\t\t\t<div class=\"elementor-post__excerpt\">\n\t\t\t<p>Digital Arctic Futures-konferencen satte fokus p\u00e5 fremtidens internet i Gr\u00f8nland og Arktis. Internettet er blevet en uundv\u00e6rlig del af hverdagen i Arktis. Det bruges til alt fra kortbetaling og e-boks, til Netflix, jagtbeviser og debat p\u00e5 Facebook. Men i takt med at afh\u00e6ngigheden stiger, vokser<\/p>\n\t\t<\/div>\n\t\t\n\t\t<a class=\"elementor-post__read-more\" href=\"https:\/\/napa.gl\/da\/et-resilient-arktis-starter-med-en-resilient-digital-infrastruktur\/\" aria-label=\"Read more about Et resilient Arktis starter med en resilient digital infrastruktur\" tabindex=\"-1\">\n\t\t\tL\u00e6s mere \u00bb\t\t<\/a>\n\n\t\t\t\t<\/div>\n\t\t\t\t<\/article>\n\t\t\t\t<article class=\"elementor-post elementor-grid-item post-17716 post type-post status-publish format-standard has-post-thumbnail hentry category-nyt\" role=\"listitem\">\n\t\t\t\t<a class=\"elementor-post__thumbnail__link\" href=\"https:\/\/napa.gl\/da\/hvem-er-vi-skriv\/\" tabindex=\"-1\">\n\t\t\t<div class=\"elementor-post__thumbnail\"><img loading=\"lazy\" decoding=\"async\" width=\"300\" height=\"225\" src=\"https:\/\/napa.gl\/wp-content\/uploads\/2020\/12\/Skriveworkshop-300x225.jpeg\" class=\"attachment-medium size-medium wp-image-17695\" alt=\"\" srcset=\"https:\/\/napa.gl\/wp-content\/uploads\/2020\/12\/Skriveworkshop-300x225.jpeg 300w, https:\/\/napa.gl\/wp-content\/uploads\/2020\/12\/Skriveworkshop-1024x768.jpeg 1024w, https:\/\/napa.gl\/wp-content\/uploads\/2020\/12\/Skriveworkshop-768x576.jpeg 768w, https:\/\/napa.gl\/wp-content\/uploads\/2020\/12\/Skriveworkshop-1536x1152.jpeg 1536w, https:\/\/napa.gl\/wp-content\/uploads\/2020\/12\/Skriveworkshop-2048x1536.jpeg 2048w, https:\/\/napa.gl\/wp-content\/uploads\/2020\/12\/Skriveworkshop-800x600.jpeg 800w, https:\/\/napa.gl\/wp-content\/uploads\/2020\/12\/Skriveworkshop-700x525.jpeg 700w\" sizes=\"auto, (max-width: 300px) 100vw, 300px\" \/><\/div>\n\t\t<\/a>\n\t\t\t\t<div class=\"elementor-post__text\">\n\t\t\t\t<h5 class=\"elementor-post__title\">\n\t\t\t<a href=\"https:\/\/napa.gl\/da\/hvem-er-vi-skriv\/\">\n\t\t\t\tHvem er vi? Skriv!\t\t\t<\/a>\n\t\t<\/h5>\n\t\t\t\t<div class=\"elementor-post__excerpt\">\n\t\t\t<p>Sammen med den franske fotograf Charlotte Lakits har NAPA lavet skriveworkshops for unge. Fra tanke til papir for at portr\u00e6ttere moderne unge i Gr\u00f8nlandStemningen var intens og livlig p\u00e5 de forel\u00f8big to skriveworkshops, som NAPA har v\u00e6ret med til at realisere. Skrivegl\u00e6den, den sproglige nysgerrighed<\/p>\n\t\t<\/div>\n\t\t\n\t\t<a class=\"elementor-post__read-more\" href=\"https:\/\/napa.gl\/da\/hvem-er-vi-skriv\/\" aria-label=\"Read more about Hvem er vi? Skriv!\" tabindex=\"-1\">\n\t\t\tL\u00e6s mere \u00bb\t\t<\/a>\n\n\t\t\t\t<\/div>\n\t\t\t\t<\/article>\n\t\t\t\t<article class=\"elementor-post elementor-grid-item post-39347 post type-post status-publish format-standard has-post-thumbnail hentry category-nutaarsiassat category-pisussat category-suliniutit-2\" role=\"listitem\">\n\t\t\t\t<a class=\"elementor-post__thumbnail__link\" href=\"https:\/\/napa.gl\/da\/vestnordisk-dag-2025-misinformation-og-fremtidens-demokrati-til-debat\/\" tabindex=\"-1\">\n\t\t\t<div class=\"elementor-post__thumbnail\"><img loading=\"lazy\" decoding=\"async\" width=\"300\" height=\"169\" src=\"https:\/\/napa.gl\/wp-content\/uploads\/2025\/08\/1600px_COLOURBOX38220041-1-300x169.jpg\" class=\"attachment-medium size-medium wp-image-39366\" alt=\"\" srcset=\"https:\/\/napa.gl\/wp-content\/uploads\/2025\/08\/1600px_COLOURBOX38220041-1-300x169.jpg 300w, https:\/\/napa.gl\/wp-content\/uploads\/2025\/08\/1600px_COLOURBOX38220041-1-1024x576.jpg 1024w, https:\/\/napa.gl\/wp-content\/uploads\/2025\/08\/1600px_COLOURBOX38220041-1-768x432.jpg 768w, https:\/\/napa.gl\/wp-content\/uploads\/2025\/08\/1600px_COLOURBOX38220041-1-700x394.jpg 700w, https:\/\/napa.gl\/wp-content\/uploads\/2025\/08\/1600px_COLOURBOX38220041-1-539x303.jpg 539w, https:\/\/napa.gl\/wp-content\/uploads\/2025\/08\/1600px_COLOURBOX38220041-1.jpg 1422w\" sizes=\"auto, (max-width: 300px) 100vw, 300px\" \/><\/div>\n\t\t<\/a>\n\t\t\t\t<div class=\"elementor-post__text\">\n\t\t\t\t<h5 class=\"elementor-post__title\">\n\t\t\t<a href=\"https:\/\/napa.gl\/da\/vestnordisk-dag-2025-misinformation-og-fremtidens-demokrati-til-debat\/\">\n\t\t\t\tVestnordisk Dag 2025: Misinformation og fremtidens demokrati til debat\t\t\t<\/a>\n\t\t<\/h5>\n\t\t\t\t<div class=\"elementor-post__excerpt\">\n\t\t\t<p>Hvordan sikrer vi \u00e5bne, tillidsfulde demokratier i en tid med fake news, tech-giganter og kunstig intelligens? Hvad sker der med den demokratiske samtale, hvis ikke vi kan se forskel p\u00e5 sande og falske historier? Information Dato 23.09.2025 Tid 16:30 &#8211; 18:00 Sted KatuaqImaneq 213900\u00a0NuukGr\u00f8nland Type<\/p>\n\t\t<\/div>\n\t\t\n\t\t<a class=\"elementor-post__read-more\" href=\"https:\/\/napa.gl\/da\/vestnordisk-dag-2025-misinformation-og-fremtidens-demokrati-til-debat\/\" aria-label=\"Read more about Vestnordisk Dag 2025: Misinformation og fremtidens demokrati til debat\" tabindex=\"-1\">\n\t\t\tL\u00e6s mere \u00bb\t\t<\/a>\n\n\t\t\t\t<\/div>\n\t\t\t\t<\/article>\n\t\t\t\t<article class=\"elementor-post elementor-grid-item post-35599 post type-post status-publish format-standard has-post-thumbnail hentry category-nyt\" role=\"listitem\">\n\t\t\t\t<a class=\"elementor-post__thumbnail__link\" href=\"https:\/\/napa.gl\/da\/susanne-andreasen-bliver-ny-direktoer-for-nordens-institut-i-groenland\/\" tabindex=\"-1\">\n\t\t\t<div class=\"elementor-post__thumbnail\"><img loading=\"lazy\" decoding=\"async\" width=\"300\" height=\"189\" src=\"https:\/\/napa.gl\/wp-content\/uploads\/2024\/08\/Susanne-Andreasen-Foto-af-Jonas-Nilsson-300x189.webp\" class=\"attachment-medium size-medium wp-image-35614\" alt=\"\" srcset=\"https:\/\/napa.gl\/wp-content\/uploads\/2024\/08\/Susanne-Andreasen-Foto-af-Jonas-Nilsson-300x189.webp 300w, https:\/\/napa.gl\/wp-content\/uploads\/2024\/08\/Susanne-Andreasen-Foto-af-Jonas-Nilsson-1024x646.webp 1024w, https:\/\/napa.gl\/wp-content\/uploads\/2024\/08\/Susanne-Andreasen-Foto-af-Jonas-Nilsson-768x484.webp 768w, https:\/\/napa.gl\/wp-content\/uploads\/2024\/08\/Susanne-Andreasen-Foto-af-Jonas-Nilsson-1536x969.webp 1536w, https:\/\/napa.gl\/wp-content\/uploads\/2024\/08\/Susanne-Andreasen-Foto-af-Jonas-Nilsson-700x442.webp 700w, https:\/\/napa.gl\/wp-content\/uploads\/2024\/08\/Susanne-Andreasen-Foto-af-Jonas-Nilsson.webp 1920w\" sizes=\"auto, (max-width: 300px) 100vw, 300px\" \/><\/div>\n\t\t<\/a>\n\t\t\t\t<div class=\"elementor-post__text\">\n\t\t\t\t<h5 class=\"elementor-post__title\">\n\t\t\t<a href=\"https:\/\/napa.gl\/da\/susanne-andreasen-bliver-ny-direktoer-for-nordens-institut-i-groenland\/\">\n\t\t\t\tSusanne Andreasen bliver ny direkt\u00f8r for Nordens Institut i Gr\u00f8nland\t\t\t<\/a>\n\t\t<\/h5>\n\t\t\t\t<div class=\"elementor-post__excerpt\">\n\t\t\t<p>Susanne Andreasen bliver ny direkt\u00f8r for Nordens Institut i Gr\u00f8nland, NAPA. Andreasen har en lang erfaring inden for kultur- og teaterbranchen i Gr\u00f8nland. Susanne Andreasen var blandt andet teaterchef p\u00e5 Gr\u00f8nlands nationalteater (Nunatta Isiginnaartitsisarfia) i perioden 2016-2023, hvor hun havde det overordnede ansvar for teater-<\/p>\n\t\t<\/div>\n\t\t\n\t\t<a class=\"elementor-post__read-more\" href=\"https:\/\/napa.gl\/da\/susanne-andreasen-bliver-ny-direktoer-for-nordens-institut-i-groenland\/\" aria-label=\"Read more about Susanne Andreasen bliver ny direkt\u00f8r for Nordens Institut i Gr\u00f8nland\" tabindex=\"-1\">\n\t\t\tL\u00e6s mere \u00bb\t\t<\/a>\n\n\t\t\t\t<\/div>\n\t\t\t\t<\/article>\n\t\t\t\t<\/div>\n\t\t\n\t\t\t\t\t\t<\/div>\n\t\t\t\t<\/div>\n\t\t\t\t\t<\/div>\n\t\t<\/div>\n\t\t\t\t\t<\/div>\n\t\t<\/section>\n\t\t\t\t<\/div>\n\t\t","protected":false},"excerpt":{"rendered":"<p>Billede: Det blev Gammeqarfik Skole i Aasiaat, der l\u00f8b med b\u00e5de konkurrencens hovedpr\u00e6mie og med NAPAs s\u00e6rpris for den mest innovative kulturid\u00e9. Det sikrer dem et bidrag til klassekassen. Ideen var et originalt br\u00e6tspil baseret p\u00e5 gr\u00f8nlandsk kulturarv.\u00a0\u00a0 Unges innovation i kulturlivet NAPA st\u00f8tter social,&#8230;<\/p>\n","protected":false},"author":24,"featured_media":34121,"parent":18385,"menu_order":0,"comment_status":"closed","ping_status":"closed","template":"","meta":{"footnotes":""},"categories":[107,104,136,226],"class_list":["post-34120","page","type-page","status-publish","has-post-thumbnail","hentry","category-atuarfik-ilinniagaqarnerlu","category-kulturi","category-meeqqat-inuusuttullu","category-suliniutit-2"],"_links":{"self":[{"href":"https:\/\/napa.gl\/da\/wp-json\/wp\/v2\/pages\/34120","targetHints":{"allow":["GET"]}}],"collection":[{"href":"https:\/\/napa.gl\/da\/wp-json\/wp\/v2\/pages"}],"about":[{"href":"https:\/\/napa.gl\/da\/wp-json\/wp\/v2\/types\/page"}],"author":[{"embeddable":true,"href":"https:\/\/napa.gl\/da\/wp-json\/wp\/v2\/users\/24"}],"replies":[{"embeddable":true,"href":"https:\/\/napa.gl\/da\/wp-json\/wp\/v2\/comments?post=34120"}],"version-history":[{"count":7,"href":"https:\/\/napa.gl\/da\/wp-json\/wp\/v2\/pages\/34120\/revisions"}],"predecessor-version":[{"id":34136,"href":"https:\/\/napa.gl\/da\/wp-json\/wp\/v2\/pages\/34120\/revisions\/34136"}],"up":[{"embeddable":true,"href":"https:\/\/napa.gl\/da\/wp-json\/wp\/v2\/pages\/18385"}],"wp:featuredmedia":[{"embeddable":true,"href":"https:\/\/napa.gl\/da\/wp-json\/wp\/v2\/media\/34121"}],"wp:attachment":[{"href":"https:\/\/napa.gl\/da\/wp-json\/wp\/v2\/media?parent=34120"}],"wp:term":[{"taxonomy":"category","embeddable":true,"href":"https:\/\/napa.gl\/da\/wp-json\/wp\/v2\/categories?post=34120"}],"curies":[{"name":"wp","href":"https:\/\/api.w.org\/{rel}","templated":true}]}}