{"id":33482,"date":"2023-08-31T12:30:59","date_gmt":"2023-08-31T14:30:59","guid":{"rendered":"https:\/\/napa.gl\/?page_id=33482"},"modified":"2023-08-31T13:54:35","modified_gmt":"2023-08-31T15:54:35","slug":"audition-til-arctic-winter-games-performance","status":"publish","type":"page","link":"https:\/\/napa.gl\/da\/aktiviteter\/arctic-winter-games-kulturprogram\/audition-til-arctic-winter-games-performance\/","title":{"rendered":"Audition til Arctic Winter Games Performance"},"content":{"rendered":"\t\t<div data-elementor-type=\"wp-page\" data-elementor-id=\"33482\" class=\"elementor elementor-33482\" data-elementor-post-type=\"page\">\n\t\t\t\t\t\t<section class=\"elementor-section elementor-top-section elementor-element elementor-element-67c9f6e2 elementor-reverse-mobile elementor-section-boxed elementor-section-height-default elementor-section-height-default parallax_section_no qode_elementor_container_no\" data-id=\"67c9f6e2\" data-element_type=\"section\" data-e-type=\"section\">\n\t\t\t\t\t\t<div class=\"elementor-container elementor-column-gap-default\">\n\t\t\t\t\t<div class=\"elementor-column elementor-col-50 elementor-top-column elementor-element elementor-element-76e59c84\" data-id=\"76e59c84\" data-element_type=\"column\" data-e-type=\"column\">\n\t\t\t<div class=\"elementor-widget-wrap elementor-element-populated\">\n\t\t\t\t\t\t<div class=\"elementor-element elementor-element-537b40e9 elementor-widget elementor-widget-image\" data-id=\"537b40e9\" data-element_type=\"widget\" data-e-type=\"widget\" data-widget_type=\"image.default\">\n\t\t\t\t<div class=\"elementor-widget-container\">\n\t\t\t\t\t\t\t\t\t\t\t\t\t\t\t<img loading=\"lazy\" decoding=\"async\" width=\"1024\" height=\"683\" src=\"https:\/\/napa.gl\/wp-content\/uploads\/2023\/08\/R9A0210-Enhanced-NR-1024x683.jpg\" class=\"attachment-large size-large wp-image-33530\" alt=\"\" srcset=\"https:\/\/napa.gl\/wp-content\/uploads\/2023\/08\/R9A0210-Enhanced-NR-1024x683.jpg 1024w, https:\/\/napa.gl\/wp-content\/uploads\/2023\/08\/R9A0210-Enhanced-NR-300x200.jpg 300w, https:\/\/napa.gl\/wp-content\/uploads\/2023\/08\/R9A0210-Enhanced-NR-768x512.jpg 768w, https:\/\/napa.gl\/wp-content\/uploads\/2023\/08\/R9A0210-Enhanced-NR-1536x1024.jpg 1536w, https:\/\/napa.gl\/wp-content\/uploads\/2023\/08\/R9A0210-Enhanced-NR-2048x1365.jpg 2048w, https:\/\/napa.gl\/wp-content\/uploads\/2023\/08\/R9A0210-Enhanced-NR-700x467.jpg 700w\" sizes=\"auto, (max-width: 1024px) 100vw, 1024px\" \/>\t\t\t\t\t\t\t\t\t\t\t\t\t\t\t<\/div>\n\t\t\t\t<\/div>\n\t\t\t\t\t<\/div>\n\t\t<\/div>\n\t\t\t\t<div class=\"elementor-column elementor-col-50 elementor-top-column elementor-element elementor-element-7f570c0e\" data-id=\"7f570c0e\" data-element_type=\"column\" data-e-type=\"column\">\n\t\t\t<div class=\"elementor-widget-wrap elementor-element-populated\">\n\t\t\t\t\t\t<div class=\"elementor-element elementor-element-713899e elementor-widget-divider--separator-type-pattern elementor-widget-divider--view-line elementor-widget elementor-widget-divider\" data-id=\"713899e\" data-element_type=\"widget\" data-e-type=\"widget\" data-widget_type=\"divider.default\">\n\t\t\t\t<div class=\"elementor-widget-container\">\n\t\t\t\t\t\t\t<div class=\"elementor-divider\" style=\"--divider-pattern-url: url(&quot;data:image\/svg+xml,%3Csvg xmlns=&#039;http:\/\/www.w3.org\/2000\/svg&#039; preserveAspectRatio=&#039;none&#039; overflow=&#039;visible&#039; height=&#039;100%&#039; viewBox=&#039;0 0 20 16&#039; fill=&#039;none&#039; stroke=&#039;black&#039; stroke-width=&#039;2.2&#039; stroke-linecap=&#039;square&#039; stroke-miterlimit=&#039;10&#039;%3E%3Cg transform=&#039;translate(-12.000000, 0)&#039;%3E%3Cpath d=&#039;M28,0L10,18&#039;\/%3E%3Cpath d=&#039;M18,0L0,18&#039;\/%3E%3Cpath d=&#039;M48,0L30,18&#039;\/%3E%3Cpath d=&#039;M38,0L20,18&#039;\/%3E%3C\/g%3E%3C\/svg%3E&quot;);\">\n\t\t\t<span class=\"elementor-divider-separator\">\n\t\t\t\t\t\t<\/span>\n\t\t<\/div>\n\t\t\t\t\t\t<\/div>\n\t\t\t\t<\/div>\n\t\t\t\t<div class=\"elementor-element elementor-element-119a2d6e elementor-widget elementor-widget-heading\" data-id=\"119a2d6e\" data-element_type=\"widget\" data-e-type=\"widget\" data-widget_type=\"heading.default\">\n\t\t\t\t<div class=\"elementor-widget-container\">\n\t\t\t\t\t<h2 class=\"elementor-heading-title elementor-size-default\">Audition til Arctic Winter Games Performance<\/h2>\t\t\t\t<\/div>\n\t\t\t\t<\/div>\n\t\t\t\t\t<\/div>\n\t\t<\/div>\n\t\t\t\t\t<\/div>\n\t\t<\/section>\n\t\t\t\t<section class=\"elementor-section elementor-top-section elementor-element elementor-element-ac8133c elementor-section-boxed elementor-section-height-default elementor-section-height-default parallax_section_no qode_elementor_container_no\" data-id=\"ac8133c\" data-element_type=\"section\" data-e-type=\"section\">\n\t\t\t\t\t\t<div class=\"elementor-container elementor-column-gap-default\">\n\t\t\t\t\t<div class=\"elementor-column elementor-col-66 elementor-top-column elementor-element elementor-element-46b3eb91\" data-id=\"46b3eb91\" data-element_type=\"column\" data-e-type=\"column\">\n\t\t\t<div class=\"elementor-widget-wrap elementor-element-populated\">\n\t\t\t\t\t\t<div class=\"elementor-element elementor-element-52356b89 elementor-widget elementor-widget-text-editor\" data-id=\"52356b89\" data-element_type=\"widget\" data-e-type=\"widget\" data-widget_type=\"text-editor.default\">\n\t\t\t\t<div class=\"elementor-widget-container\">\n\t\t\t\t\t\t\t\t\t<p dir=\"ltr\"><span class=\"x_ContentPasted0\">Er du mellem 14 og 19 \u00e5r?\u00a0<\/span><\/p><p><b>\u00a0<\/b><\/p><p dir=\"ltr\"><span class=\"x_ContentPasted0\">Elsker du kultur og performance?\u00a0<\/span><\/p><p><b>\u00a0<\/b><\/p><p dir=\"ltr\"><span class=\"x_ContentPasted0\">Vil du gerne med til Alaska, F\u00e6r\u00f8erne og Island i marts 2024?\u00a0<\/span><b><br class=\"x_ContentPasted0\" aria-hidden=\"true\" \/><\/b><\/p><p dir=\"ltr\"><span class=\"x_ContentPasted0\">S\u00e5 skal du da v\u00e6re med til at lave og vise det gr\u00f8nlandske kultur-indslag til n\u00e6ste \u00e5rs Arctic Winter Games! Vi gl\u00e6der os til at se din audition-video!<\/span><\/p><p><b>\u00a0<\/b><\/p><p dir=\"ltr\"><strong><span class=\"x_ContentPasted0\">Hvem kan auditione?<\/span><\/strong><\/p><p dir=\"ltr\"><span class=\"x_ContentPasted0\">Unge der er mellem 14 og 19 \u00e5r gamle i december 2023 kan s\u00f8ge! Vi skal samle 6 unge fra hele landet.<\/span><\/p><p><b>\u00a0<\/b><\/p><p dir=\"ltr\"><strong><span class=\"x_ContentPasted0\">Hvordan kommer jeg til audition?<\/span><\/strong><\/p><p dir=\"ltr\"><span class=\"x_ContentPasted0\">Brug din mobil til at lave en lille video!<\/span><\/p><p><b>\u00a0<\/b><\/p><p dir=\"ltr\"><strong><span class=\"x_ContentPasted0\">Hvad skal min video indeholde?<\/span><\/strong><\/p><ul><li><span class=\"x_ContentPasted0\">En introduktion til dig! Hvem er du? Hvad laver du i din hverdag? Hvad dr\u00f8mmer du om i fremtiden? Hvorfor skal lige pr\u00e6cis DU v\u00e6re med?<\/span><br class=\"x_ContentPasted0\" aria-hidden=\"true\" \/><span class=\"x_ContentPasted0\"><span class=\"x_ContentPasted0\">Vi vil gerne kunne m\u00e6rke din personlighed. Det er vigtigt at det er tydeligt i din video.<br \/><\/span><\/span><\/li><li>Vi vil gerne se hvad du er dygtig til! Spiller du musik? Synger du? Elsker du dans, gymnastik, at bev\u00e6ge dig? Danser du maskedans, spiller du tromme, er du historiefort\u00e6ller eller er du sjov? S\u00e5 vis det frem!<\/li><\/ul><p><span class=\"x_ContentPasted0\">Du v\u00e6lger selv hvad du vil vise os. Vi vil gerne se hvad du er god til og synes er sjovt.<\/span><\/p><p dir=\"ltr\"><span class=\"x_ContentPasted0\">Din video skal v\u00e6re 2-5 minutter lang.<\/span><\/p><p><b>\u00a0<\/b><\/p><p dir=\"ltr\"><strong><span class=\"x_ContentPasted0\">Hvem ser min video?<\/span><\/strong><\/p><p dir=\"ltr\"><span class=\"x_ContentPasted0\">Det er holdet, der arbejder med Arctic Winter Games, som kommer til at se din video. Den bliver ikke vist til andre eller delt nogen steder.<\/span><\/p><p dir=\"ltr\"><strong><span class=\"x_ContentPasted0\">Hvordan sender jeg min video til jer?<\/span><\/strong><\/p><p dir=\"ltr\"><span class=\"x_ContentPasted0\">Du skal sende den gennem<\/span><a id=\"OWAd058783f-f65c-1b5b-106d-342b44366e48\" class=\"x_OWAAutoLink x_ContentPasted0\" href=\"http:\/\/www.wetransfer.com\/\" data-auth=\"NotApplicable\" data-linkindex=\"0\" target=\"_blank\" rel=\"noopener\"> www.wetransfer.com<\/a><span class=\"x_ContentPasted0\">\u00a0til:\u00a0<\/span><a id=\"OWA223b29ef-a368-d1d4-f341-de3ce07ab41f\" class=\"x_OWAAutoLink x_ContentPasted0\" href=\"mailto:kuluk@napa.gl\" data-linkindex=\"1\">kuluk@napa.gl<\/a><\/p><p dir=\"ltr\"><strong><span class=\"x_ContentPasted0\">Er der en deadline?<\/span><\/strong><\/p><p dir=\"ltr\"><span class=\"x_ContentPasted0\">Du skal sende os din video allersenest d. 10 oktober 2023 kl 20:00.<\/span><\/p><p dir=\"ltr\"><strong><span class=\"x_ContentPasted0\">Hvad sker der, n\u00e5r jeg har sendt min video?<\/span><\/strong><\/p><p dir=\"ltr\"><span class=\"x_ContentPasted0\">Holdet bag AWG skal se alle videoerne og udv\u00e6lge de finalister, der bliver inviteret til en samtale med os. Alle, der har indsendt en audtion-video, f\u00e5r besked om de er g\u00e5et videre til samtalen d. 16 oktober.<\/span><\/p><p dir=\"ltr\"><span class=\"x_ContentPasted0\">\u00a0<\/span><\/p><p dir=\"ltr\" style=\"text-align: center;\"><span class=\"x_ContentPasted0\">Vi gl\u00e6der os til at se dig!<\/span><\/p><p dir=\"ltr\" style=\"text-align: center;\"><span class=\"x_ContentPasted0\">Jaqqa og Kuluk &#8211; NAPA<\/span>\u00a0<\/p><p dir=\"ltr\"><span class=\"x_ContentPasted0\"><img loading=\"lazy\" decoding=\"async\" class=\"alignnone size-full wp-image-33461\" src=\"https:\/\/napa.gl\/wp-content\/uploads\/2023\/08\/7V9A9044.png\" alt=\"\" width=\"3360\" height=\"2240\" srcset=\"https:\/\/napa.gl\/wp-content\/uploads\/2023\/08\/7V9A9044.png 3360w, https:\/\/napa.gl\/wp-content\/uploads\/2023\/08\/7V9A9044-300x200.png 300w, https:\/\/napa.gl\/wp-content\/uploads\/2023\/08\/7V9A9044-1024x683.png 1024w, https:\/\/napa.gl\/wp-content\/uploads\/2023\/08\/7V9A9044-768x512.png 768w, https:\/\/napa.gl\/wp-content\/uploads\/2023\/08\/7V9A9044-1536x1024.png 1536w, https:\/\/napa.gl\/wp-content\/uploads\/2023\/08\/7V9A9044-2048x1365.png 2048w, https:\/\/napa.gl\/wp-content\/uploads\/2023\/08\/7V9A9044-700x467.png 700w\" sizes=\"auto, (max-width: 3360px) 100vw, 3360px\" \/><\/span><\/p>\t\t\t\t\t\t\t\t<\/div>\n\t\t\t\t<\/div>\n\t\t\t\t\t<\/div>\n\t\t<\/div>\n\t\t\t\t<div class=\"elementor-column elementor-col-33 elementor-top-column elementor-element elementor-element-276ac296\" data-id=\"276ac296\" data-element_type=\"column\" data-e-type=\"column\">\n\t\t\t<div class=\"elementor-widget-wrap elementor-element-populated\">\n\t\t\t\t\t\t<div class=\"elementor-element elementor-element-75ac4e54 elementor-widget elementor-widget-post-info\" data-id=\"75ac4e54\" data-element_type=\"widget\" data-e-type=\"widget\" data-widget_type=\"post-info.default\">\n\t\t\t\t<div class=\"elementor-widget-container\">\n\t\t\t\t\t\t\t<ul class=\"elementor-icon-list-items elementor-post-info\">\n\t\t\t\t\t\t\t\t<li class=\"elementor-icon-list-item elementor-repeater-item-1fb0691\" itemprop=\"datePublished\">\n\t\t\t\t\t\t\t\t\t\t<span class=\"elementor-icon-list-icon\">\n\t\t\t\t\t\t\t\t<i aria-hidden=\"true\" class=\"fas fa-calendar-alt\"><\/i>\t\t\t\t\t\t\t<\/span>\n\t\t\t\t\t\t\t\t\t<span class=\"elementor-icon-list-text elementor-post-info__item elementor-post-info__item--type-date\">\n\t\t\t\t\t\t\t\t\t\t<time>31. august 2023<\/time>\t\t\t\t\t<\/span>\n\t\t\t\t\t\t\t\t<\/li>\n\t\t\t\t<li class=\"elementor-icon-list-item elementor-repeater-item-f857cc0\" itemprop=\"about\">\n\t\t\t\t\t\t\t\t\t\t<span class=\"elementor-icon-list-icon\">\n\t\t\t\t\t\t\t\t<i aria-hidden=\"true\" class=\"fas fa-list-ul\"><\/i>\t\t\t\t\t\t\t<\/span>\n\t\t\t\t\t\t\t\t\t<span class=\"elementor-icon-list-text elementor-post-info__item elementor-post-info__item--type-terms\">\n\t\t\t\t\t\t\t\t\t\t<span class=\"elementor-post-info__terms-list\">\n\t\t\t\t<a href=\"https:\/\/napa.gl\/da\/category\/aktiviteter\/\" class=\"elementor-post-info__terms-list-item\">Aktiviteter<\/a>\t\t\t\t<\/span>\n\t\t\t\t\t<\/span>\n\t\t\t\t\t\t\t\t<\/li>\n\t\t\t\t<\/ul>\n\t\t\t\t\t\t<\/div>\n\t\t\t\t<\/div>\n\t\t\t\t<div class=\"elementor-element elementor-element-39e82569 elementor-widget elementor-widget-text-editor\" data-id=\"39e82569\" data-element_type=\"widget\" data-e-type=\"widget\" data-widget_type=\"text-editor.default\">\n\t\t\t\t<div class=\"elementor-widget-container\">\n\t\t\t\t\t\t\t\t\t<p><strong>Del<\/strong><\/p>\t\t\t\t\t\t\t\t<\/div>\n\t\t\t\t<\/div>\n\t\t\t\t<div class=\"elementor-element elementor-element-6e67e825 elementor-shape-square e-grid-align-left elementor-grid-0 elementor-widget elementor-widget-social-icons\" data-id=\"6e67e825\" data-element_type=\"widget\" data-e-type=\"widget\" data-widget_type=\"social-icons.default\">\n\t\t\t\t<div class=\"elementor-widget-container\">\n\t\t\t\t\t\t\t<div class=\"elementor-social-icons-wrapper elementor-grid\" role=\"list\">\n\t\t\t\t\t\t\t<span class=\"elementor-grid-item\" role=\"listitem\">\n\t\t\t\t\t<a class=\"elementor-icon elementor-social-icon elementor-social-icon-facebook elementor-repeater-item-666ee6f\" target=\"_blank\">\n\t\t\t\t\t\t<span class=\"elementor-screen-only\">Facebook<\/span>\n\t\t\t\t\t\t<i aria-hidden=\"true\" class=\"fab fa-facebook\"><\/i>\t\t\t\t\t<\/a>\n\t\t\t\t<\/span>\n\t\t\t\t\t\t\t<span class=\"elementor-grid-item\" role=\"listitem\">\n\t\t\t\t\t<a class=\"elementor-icon elementor-social-icon elementor-social-icon-twitter elementor-repeater-item-119e001\" target=\"_blank\">\n\t\t\t\t\t\t<span class=\"elementor-screen-only\">Twitter<\/span>\n\t\t\t\t\t\t<i aria-hidden=\"true\" class=\"fab fa-twitter\"><\/i>\t\t\t\t\t<\/a>\n\t\t\t\t<\/span>\n\t\t\t\t\t<\/div>\n\t\t\t\t\t\t<\/div>\n\t\t\t\t<\/div>\n\t\t\t\t\t<\/div>\n\t\t<\/div>\n\t\t\t\t\t<\/div>\n\t\t<\/section>\n\t\t\t\t<section class=\"elementor-section elementor-top-section elementor-element elementor-element-4bb1de7c elementor-section-boxed elementor-section-height-default elementor-section-height-default parallax_section_no qode_elementor_container_no\" data-id=\"4bb1de7c\" data-element_type=\"section\" data-e-type=\"section\">\n\t\t\t\t\t\t<div class=\"elementor-container elementor-column-gap-default\">\n\t\t\t\t\t<div class=\"elementor-column elementor-col-100 elementor-top-column elementor-element elementor-element-11ce6564\" data-id=\"11ce6564\" data-element_type=\"column\" data-e-type=\"column\">\n\t\t\t<div class=\"elementor-widget-wrap elementor-element-populated\">\n\t\t\t\t\t\t<div class=\"elementor-element elementor-element-26d34287 elementor-widget elementor-widget-heading\" data-id=\"26d34287\" data-element_type=\"widget\" data-e-type=\"widget\" data-widget_type=\"heading.default\">\n\t\t\t\t<div class=\"elementor-widget-container\">\n\t\t\t\t\t<h5 class=\"elementor-heading-title elementor-size-default\">Andre projekter<\/h5>\t\t\t\t<\/div>\n\t\t\t\t<\/div>\n\t\t\t\t<div class=\"elementor-element elementor-element-7e2f358b elementor-grid-4 elementor-grid-tablet-2 elementor-grid-mobile-1 elementor-posts--thumbnail-top elementor-widget elementor-widget-posts\" data-id=\"7e2f358b\" data-element_type=\"widget\" data-e-type=\"widget\" data-settings=\"{&quot;classic_columns&quot;:&quot;4&quot;,&quot;classic_columns_tablet&quot;:&quot;2&quot;,&quot;classic_columns_mobile&quot;:&quot;1&quot;,&quot;classic_row_gap&quot;:{&quot;unit&quot;:&quot;px&quot;,&quot;size&quot;:35,&quot;sizes&quot;:[]},&quot;classic_row_gap_tablet&quot;:{&quot;unit&quot;:&quot;px&quot;,&quot;size&quot;:&quot;&quot;,&quot;sizes&quot;:[]},&quot;classic_row_gap_mobile&quot;:{&quot;unit&quot;:&quot;px&quot;,&quot;size&quot;:&quot;&quot;,&quot;sizes&quot;:[]}}\" data-widget_type=\"posts.classic\">\n\t\t\t\t<div class=\"elementor-widget-container\">\n\t\t\t\t\t\t\t<div class=\"elementor-posts-container elementor-posts elementor-posts--skin-classic elementor-grid\" role=\"list\">\n\t\t\t\t<article class=\"elementor-post elementor-grid-item post-21513 post type-post status-publish format-standard has-post-thumbnail hentry category-nyt category-arktiske-perspektiver category-begivenheder category-norden\" role=\"listitem\">\n\t\t\t\t<a class=\"elementor-post__thumbnail__link\" href=\"https:\/\/napa.gl\/da\/aqqaluk-lynge-besoegte-vaagn-med-napa\/\" tabindex=\"-1\">\n\t\t\t<div class=\"elementor-post__thumbnail\"><img loading=\"lazy\" decoding=\"async\" width=\"300\" height=\"225\" src=\"https:\/\/napa.gl\/wp-content\/uploads\/2021\/04\/IMG_2787-300x225.jpeg\" class=\"attachment-medium size-medium wp-image-21515\" alt=\"Aqqaluk Lynge holder opl\u00e6g til V\u00e5gn med NAPA\" srcset=\"https:\/\/napa.gl\/wp-content\/uploads\/2021\/04\/IMG_2787-300x225.jpeg 300w, https:\/\/napa.gl\/wp-content\/uploads\/2021\/04\/IMG_2787-1024x768.jpeg 1024w, https:\/\/napa.gl\/wp-content\/uploads\/2021\/04\/IMG_2787-768x576.jpeg 768w, https:\/\/napa.gl\/wp-content\/uploads\/2021\/04\/IMG_2787-1536x1152.jpeg 1536w, https:\/\/napa.gl\/wp-content\/uploads\/2021\/04\/IMG_2787-2048x1536.jpeg 2048w, https:\/\/napa.gl\/wp-content\/uploads\/2021\/04\/IMG_2787-800x600.jpeg 800w, https:\/\/napa.gl\/wp-content\/uploads\/2021\/04\/IMG_2787-700x525.jpeg 700w\" sizes=\"auto, (max-width: 300px) 100vw, 300px\" \/><\/div>\n\t\t<\/a>\n\t\t\t\t<div class=\"elementor-post__text\">\n\t\t\t\t<h5 class=\"elementor-post__title\">\n\t\t\t<a href=\"https:\/\/napa.gl\/da\/aqqaluk-lynge-besoegte-vaagn-med-napa\/\">\n\t\t\t\tAqqaluk Lynge bes\u00f8gte V\u00e5gn med NAPA\t\t\t<\/a>\n\t\t<\/h5>\n\t\t\t\t<div class=\"elementor-post__excerpt\">\n\t\t\t<p>Gr\u00f8nland og den store verden var temaet, da den gr\u00f8nlandske tidligere politiker og en af grundl\u00e6ggerne til det politiske parti Inuit Ataqatigiit og forfatter Aqqaluk Lynge bes\u00f8gte V\u00e5gn med NAPA P\u00e5 en ellers ganske almindelig fredag i Nuuk med let t\u00f8vejr havde vi et fornemt<\/p>\n\t\t<\/div>\n\t\t\n\t\t<a class=\"elementor-post__read-more\" href=\"https:\/\/napa.gl\/da\/aqqaluk-lynge-besoegte-vaagn-med-napa\/\" aria-label=\"Read more about Aqqaluk Lynge bes\u00f8gte V\u00e5gn med NAPA\" tabindex=\"-1\">\n\t\t\tL\u00e6s mere \u00bb\t\t<\/a>\n\n\t\t\t\t<\/div>\n\t\t\t\t<\/article>\n\t\t\t\t<article class=\"elementor-post elementor-grid-item post-32674 post type-post status-publish format-standard has-post-thumbnail hentry category-interview category-nordic-talks category-nyt category-podcast\" role=\"listitem\">\n\t\t\t\t<a class=\"elementor-post__thumbnail__link\" href=\"https:\/\/napa.gl\/da\/gronlandske-kultursamtaler-i-norden-teater\/\" tabindex=\"-1\">\n\t\t\t<div class=\"elementor-post__thumbnail\"><img loading=\"lazy\" decoding=\"async\" width=\"300\" height=\"169\" src=\"https:\/\/napa.gl\/wp-content\/uploads\/2023\/04\/VIvi-og-Susanne-300x169.jpg\" class=\"attachment-medium size-medium wp-image-32684\" alt=\"\" srcset=\"https:\/\/napa.gl\/wp-content\/uploads\/2023\/04\/VIvi-og-Susanne-300x169.jpg 300w, https:\/\/napa.gl\/wp-content\/uploads\/2023\/04\/VIvi-og-Susanne-1024x576.jpg 1024w, https:\/\/napa.gl\/wp-content\/uploads\/2023\/04\/VIvi-og-Susanne-768x432.jpg 768w, https:\/\/napa.gl\/wp-content\/uploads\/2023\/04\/VIvi-og-Susanne-1536x864.jpg 1536w, https:\/\/napa.gl\/wp-content\/uploads\/2023\/04\/VIvi-og-Susanne-2048x1152.jpg 2048w, https:\/\/napa.gl\/wp-content\/uploads\/2023\/04\/VIvi-og-Susanne-700x394.jpg 700w, https:\/\/napa.gl\/wp-content\/uploads\/2023\/04\/VIvi-og-Susanne-539x303.jpg 539w\" sizes=\"auto, (max-width: 300px) 100vw, 300px\" \/><\/div>\n\t\t<\/a>\n\t\t\t\t<div class=\"elementor-post__text\">\n\t\t\t\t<h5 class=\"elementor-post__title\">\n\t\t\t<a href=\"https:\/\/napa.gl\/da\/gronlandske-kultursamtaler-i-norden-teater\/\">\n\t\t\t\tGr\u00f8nlandske kultursamtaler i Norden: Teater\t\t\t<\/a>\n\t\t<\/h5>\n\t\t\t\t<div class=\"elementor-post__excerpt\">\n\t\t\t<p>Teaterchef i nationalteatret Susanne Andreasen og Vivi S\u00f8rensen, der er studieansvarlig i samme hus, snakker om hvor vigtigt teater er for samfundet i Gr\u00f8nland. Lyt eller se samtalen.\u00a0\u00a0 NAPA vil i de kommende uger udgive Gr\u00f8nlandske Samtaler i Norden. I dette afsnit taler vi med<\/p>\n\t\t<\/div>\n\t\t\n\t\t<a class=\"elementor-post__read-more\" href=\"https:\/\/napa.gl\/da\/gronlandske-kultursamtaler-i-norden-teater\/\" aria-label=\"Read more about Gr\u00f8nlandske kultursamtaler i Norden: Teater\" tabindex=\"-1\">\n\t\t\tL\u00e6s mere \u00bb\t\t<\/a>\n\n\t\t\t\t<\/div>\n\t\t\t\t<\/article>\n\t\t\t\t<article class=\"elementor-post elementor-grid-item post-34501 post type-post status-publish format-standard has-post-thumbnail hentry category-nordic-arcticprogramme category-stoettede-projekter\" role=\"listitem\">\n\t\t\t\t<a class=\"elementor-post__thumbnail__link\" href=\"https:\/\/napa.gl\/da\/tangresource-til-hoest-i-groenland\/\" tabindex=\"-1\">\n\t\t\t<div class=\"elementor-post__thumbnail\"><img loading=\"lazy\" decoding=\"async\" width=\"300\" height=\"180\" src=\"https:\/\/napa.gl\/wp-content\/uploads\/2021\/11\/hav-1-1600px-300x180.jpg\" class=\"attachment-medium size-medium wp-image-24056\" alt=\"\" srcset=\"https:\/\/napa.gl\/wp-content\/uploads\/2021\/11\/hav-1-1600px-300x180.jpg 300w, https:\/\/napa.gl\/wp-content\/uploads\/2021\/11\/hav-1-1600px-1024x613.jpg 1024w, https:\/\/napa.gl\/wp-content\/uploads\/2021\/11\/hav-1-1600px-768x460.jpg 768w, https:\/\/napa.gl\/wp-content\/uploads\/2021\/11\/hav-1-1600px-1536x920.jpg 1536w, https:\/\/napa.gl\/wp-content\/uploads\/2021\/11\/hav-1-1600px-700x419.jpg 700w, https:\/\/napa.gl\/wp-content\/uploads\/2021\/11\/hav-1-1600px.jpg 1600w\" sizes=\"auto, (max-width: 300px) 100vw, 300px\" \/><\/div>\n\t\t<\/a>\n\t\t\t\t<div class=\"elementor-post__text\">\n\t\t\t\t<h5 class=\"elementor-post__title\">\n\t\t\t<a href=\"https:\/\/napa.gl\/da\/tangresource-til-hoest-i-groenland\/\">\n\t\t\t\tTangresource til h\u00f8st i Gr\u00f8nland\t\t\t<\/a>\n\t\t<\/h5>\n\t\t\t\t<div class=\"elementor-post__excerpt\">\n\t\t\t<p>Der er et stigende kommercielt fokus p\u00e5 tang i den vestlige verden. Langs Gr\u00f8nlands kyst er der robuste tangskove, som giver et betydeligt potentiale for tangh\u00f8st. Form\u00e5let med dette projekt er at etablere et vidensgrundlag for tangressourcerne i et specifikt omr\u00e5de i Gr\u00f8nland. Konkret g\u00e5r<\/p>\n\t\t<\/div>\n\t\t\n\t\t<a class=\"elementor-post__read-more\" href=\"https:\/\/napa.gl\/da\/tangresource-til-hoest-i-groenland\/\" aria-label=\"Read more about Tangresource til h\u00f8st i Gr\u00f8nland\" tabindex=\"-1\">\n\t\t\tL\u00e6s mere \u00bb\t\t<\/a>\n\n\t\t\t\t<\/div>\n\t\t\t\t<\/article>\n\t\t\t\t<article class=\"elementor-post elementor-grid-item post-25745 post type-post status-publish format-standard has-post-thumbnail hentry category-inforejser\" role=\"listitem\">\n\t\t\t\t<a class=\"elementor-post__thumbnail__link\" href=\"https:\/\/napa.gl\/da\/kutdligssat-en-forladt-by-set-fra-luften\/\" tabindex=\"-1\">\n\t\t\t<div class=\"elementor-post__thumbnail\"><img loading=\"lazy\" decoding=\"async\" width=\"300\" height=\"225\" src=\"https:\/\/napa.gl\/wp-content\/uploads\/2022\/01\/IMG_3600-300x225.jpg\" class=\"attachment-medium size-medium wp-image-25746\" alt=\"\" srcset=\"https:\/\/napa.gl\/wp-content\/uploads\/2022\/01\/IMG_3600-300x225.jpg 300w, https:\/\/napa.gl\/wp-content\/uploads\/2022\/01\/IMG_3600-1024x768.jpg 1024w, https:\/\/napa.gl\/wp-content\/uploads\/2022\/01\/IMG_3600-768x576.jpg 768w, https:\/\/napa.gl\/wp-content\/uploads\/2022\/01\/IMG_3600-1536x1152.jpg 1536w, https:\/\/napa.gl\/wp-content\/uploads\/2022\/01\/IMG_3600-2048x1536.jpg 2048w, https:\/\/napa.gl\/wp-content\/uploads\/2022\/01\/IMG_3600-800x600.jpg 800w, https:\/\/napa.gl\/wp-content\/uploads\/2022\/01\/IMG_3600-700x525.jpg 700w\" sizes=\"auto, (max-width: 300px) 100vw, 300px\" \/><\/div>\n\t\t<\/a>\n\t\t\t\t<div class=\"elementor-post__text\">\n\t\t\t\t<h5 class=\"elementor-post__title\">\n\t\t\t<a href=\"https:\/\/napa.gl\/da\/kutdligssat-en-forladt-by-set-fra-luften\/\">\n\t\t\t\tK\u2019utdligssat \u2013 en forladt by, set fra luften\t\t\t<\/a>\n\t\t<\/h5>\n\t\t\t\t<div class=\"elementor-post__excerpt\">\n\t\t\t<p>P\u00e5 vores rejse til Nordgr\u00f8nland fik vi ikke blot bes\u00f8gt 13 beboede steder, og fortalt de lokale om de mange muligheder de har for kulturst\u00f8tte hos NAPA, vi fik ogs\u00e5 muligheden for at bes\u00f8ge minebyen Qullissat, som blev lukket ned i 1972, da den tilh\u00f8rende<\/p>\n\t\t<\/div>\n\t\t\n\t\t<a class=\"elementor-post__read-more\" href=\"https:\/\/napa.gl\/da\/kutdligssat-en-forladt-by-set-fra-luften\/\" aria-label=\"Read more about K\u2019utdligssat \u2013 en forladt by, set fra luften\" tabindex=\"-1\">\n\t\t\tL\u00e6s mere \u00bb\t\t<\/a>\n\n\t\t\t\t<\/div>\n\t\t\t\t<\/article>\n\t\t\t\t<\/div>\n\t\t\n\t\t\t\t\t\t<\/div>\n\t\t\t\t<\/div>\n\t\t\t\t\t<\/div>\n\t\t<\/div>\n\t\t\t\t\t<\/div>\n\t\t<\/section>\n\t\t\t\t<\/div>\n\t\t","protected":false},"excerpt":{"rendered":"<p>Audition til Arctic Winter Games Performance Er du mellem 14 og 19 \u00e5r?\u00a0 \u00a0 Elsker du kultur og performance?\u00a0 \u00a0 Vil du gerne med til Alaska, F\u00e6r\u00f8erne og Island i marts 2024?\u00a0 S\u00e5 skal du da v\u00e6re med til at lave og vise det gr\u00f8nlandske&#8230;<\/p>\n","protected":false},"author":24,"featured_media":33530,"parent":33460,"menu_order":0,"comment_status":"closed","ping_status":"closed","template":"","meta":{"footnotes":""},"categories":[222],"class_list":["post-33482","page","type-page","status-publish","has-post-thumbnail","hentry","category-aktiviteter"],"_links":{"self":[{"href":"https:\/\/napa.gl\/da\/wp-json\/wp\/v2\/pages\/33482","targetHints":{"allow":["GET"]}}],"collection":[{"href":"https:\/\/napa.gl\/da\/wp-json\/wp\/v2\/pages"}],"about":[{"href":"https:\/\/napa.gl\/da\/wp-json\/wp\/v2\/types\/page"}],"author":[{"embeddable":true,"href":"https:\/\/napa.gl\/da\/wp-json\/wp\/v2\/users\/24"}],"replies":[{"embeddable":true,"href":"https:\/\/napa.gl\/da\/wp-json\/wp\/v2\/comments?post=33482"}],"version-history":[{"count":14,"href":"https:\/\/napa.gl\/da\/wp-json\/wp\/v2\/pages\/33482\/revisions"}],"predecessor-version":[{"id":33559,"href":"https:\/\/napa.gl\/da\/wp-json\/wp\/v2\/pages\/33482\/revisions\/33559"}],"up":[{"embeddable":true,"href":"https:\/\/napa.gl\/da\/wp-json\/wp\/v2\/pages\/33460"}],"wp:featuredmedia":[{"embeddable":true,"href":"https:\/\/napa.gl\/da\/wp-json\/wp\/v2\/media\/33530"}],"wp:attachment":[{"href":"https:\/\/napa.gl\/da\/wp-json\/wp\/v2\/media?parent=33482"}],"wp:term":[{"taxonomy":"category","embeddable":true,"href":"https:\/\/napa.gl\/da\/wp-json\/wp\/v2\/categories?post=33482"}],"curies":[{"name":"wp","href":"https:\/\/api.w.org\/{rel}","templated":true}]}}